{"id":1938,"date":"2024-01-25T17:12:44","date_gmt":"2024-01-25T16:12:40","guid":{"rendered":"https:\/\/terrasse-mobile.net\/?page_id=1938"},"modified":"2024-10-01T15:08:16","modified_gmt":"2024-10-01T13:08:16","slug":"terrasse-mobile-bois-composite-timbertech-old","status":"publish","type":"page","link":"https:\/\/terrasse-mobile.net\/de\/revetements-old\/bois-composite-old\/terrasse-mobile-bois-composite-timbertech-old\/","title":{"rendered":"BOIS COMPOSITE TIMBERTECH old"},"content":{"rendered":"<h1>Lames en bois composite Timbertech pour terrasse mobile<\/h1>\n<p>Das Timbertech-Sortiment an WPC-Terrassendielen bietet einen hochwertigen Bodenbelag aus einer 4-seitigen Beschichtung, die einen umfassenden Oberfl\u00e4chenschutz und einen eleganten Stil bietet.<\/p>\n<h2>Dielen f\u00fcr mobile Terrassen, die aus hochwertigen Rohstoffen bestehen<\/h2>\n<p>Dielen f\u00fcr mobile Holzverbundterrassen bestehen in der Regel aus recyceltem Holzmehl und synthetischem Material (Polyethylen, PVC...). Man muss sich dar\u00fcber im Klaren sein, dass es nicht ausreicht, beliebige Holzreste mit beliebigen Kunststoffen zu mischen, um gute Terrassendielen aus Holz-Verbundstoff herzustellen. Qualit\u00e4tsprodukte, die mit ernsthaften Garantien (20 Jahre, 25 Jahre...) angeboten werden, sind IMMER das Ergebnis umfangreicher Forschungsarbeiten, werden aus hochwertigen Rohstoffen und nach kontrollierten Herstellungsprozessen gefertigt.<\/p>\n<p>\t\t\t\t\t\t\t\t\t\t\t\t\t<img decoding=\"async\" src=\"https:\/\/terrasse-mobile.net\/wp-content\/uploads\/elementor\/thumbs\/Deck-Color-Ideas-TimberTech-Whitewash-Cedar-Legacy-Collection-PRO-Decking-Poolside-Deck-Content-qktl0jwcsoilxyh05y8w21ivj8iz32ba9r254yksz0.jpg\" title=\"Deck-Color-Ideas-TimberTech-Whitewash-Cedar-Legacy-Collection-PRO-Decking-Poolside-Deck-Content\" alt=\"Deck-Color-Ideas-TimberTech-Whitewash-Cedar-Legacy-Collection-PRO-Decking-Poolside-Deck-Content\" loading=\"lazy\" \/>\t\t\t\t\t\t\t\t\t\t\t\t\t<\/p>\n<h2>Robuste und widerstandsf\u00e4hige Terrassendielen<br \/>\n<\/h2>\n<p>Timbertech-Dielen f\u00fcr mobile Terrassen bestehen aus Verbundmaterialien, die mit einem vierseitig wasserdichten Polymerschutz ummantelt sind. Timbertech-Terrassendielen sind witterungsbest\u00e4ndig, flecken- und kratzfest und bleichen nicht aus. Au\u00dferdem sind sie resistent gegen Schimmel und Feuchtigkeit.<\/p>\n<h2>Eine pflegeleichte Terrasse.<br \/>\n<\/h2>\n<p>Die Timbertech-Schiebedeck-Dielen sind einfach und schnell zu verlegen. Der Bodenbelag muss weder gebeizt noch j\u00e4hrlich gepflegt werden.<\/p>\n<h2>Eine Terrasse mit 50 Jahren Garantie.<br \/>\n<\/h2>\n<p>Ihre Timbertech-Terrassendielen haben eine 50-j\u00e4hrige Garantie gegen Ausbleichen und Fleckenbildung.<\/p>\n<p>\t\t\t\t\t\t\t\t\t\t\t\t\t<img decoding=\"async\" width=\"400\" height=\"400\" src=\"https:\/\/terrasse-mobile.net\/wp-content\/uploads\/2024\/03\/Deck-Color-Ideas-TimberTech-Slate-Gray-Harvest-Collection-AZEK-Decking-Pool-Deck-Content.jpg\" alt=\"\" srcset=\"https:\/\/terrasse-mobile.net\/wp-content\/uploads\/2024\/03\/Deck-Color-Ideas-TimberTech-Slate-Gray-Harvest-Collection-AZEK-Decking-Pool-Deck-Content.jpg 400w, https:\/\/terrasse-mobile.net\/wp-content\/uploads\/2024\/03\/Deck-Color-Ideas-TimberTech-Slate-Gray-Harvest-Collection-AZEK-Decking-Pool-Deck-Content-300x300.jpg 300w, https:\/\/terrasse-mobile.net\/wp-content\/uploads\/2024\/03\/Deck-Color-Ideas-TimberTech-Slate-Gray-Harvest-Collection-AZEK-Decking-Pool-Deck-Content-150x150.jpg 150w\" sizes=\"(max-width: 400px) 100vw, 400px\" \/>\t\t\t\t\t\t\t\t\t\t\t\t\t<\/p>\n<h2>Entscheiden Sie sich f\u00fcr Exzellenz: Timbertech WPC-Dielen f\u00fcr mobile Terrassendecks<br \/>\n<\/h2>\n<p>Sie sollten sich nicht f\u00fcr Verbundstoffdielen entscheiden, weil sie billiger sind, sondern wegen ihrer eigenen Qualit\u00e4ten: Farbstabilit\u00e4t, Pflegeleichtigkeit, originelles Aussehen etc.<br \/>Die Timbertech-Schiebedeckendielen haben eine 25-j\u00e4hrige Garantie f\u00fcr die Verwendung im Wohnbereich und sind die ersten, die mit dem CTB-WPC-Zertifikat ausgezeichnet wurden.<\/p>\n<p>\t\t\t\t\t\t\t\t\t\t\t\t\t<img decoding=\"async\" src=\"https:\/\/terrasse-mobile.net\/wp-content\/uploads\/elementor\/thumbs\/Deck-Color-Ideas-TimberTech-Pecan-Legacy-Collection-PRO-Decking-Pool-Deck-Content-qktl0w48nllosh8ob7rwxiup4f74t514b0qp60z8xs.jpg\" title=\"TimberTech Pro Pecan Deck TimberTech Pro Pecan Deck Deck-Legacy-Pecan-TimberTech\" alt=\"Beach view pecan deck Beach view pecan deck\" loading=\"lazy\" \/><br \/>\n\t\t\t<a href=\"https:\/\/terrasse-mobile.net\/de\/konfigurationen\/\"><br \/>\n\t\t\t\t\t\tENTDECKEN SIE DIE SLIDEDECK-KONFIGURATIONEN<br \/>\n\t\t\t\t\t<\/a><\/p>","protected":false},"excerpt":{"rendered":"<p>Lames en bois composite Timbertech pour terrasse mobile La gamme de lames de terrasse en bois composite Timbertech propose un platelage de qualit\u00e9 compos\u00e9 d&rsquo;un enrobage 4 faces offrant une protection compl\u00e8te des surfaces et un style \u00e9l\u00e9gant. Des lames pour terrasse mobile compos\u00e9es de mati\u00e8res premi\u00e8res de qualit\u00e9 Les lames pour terrasse mobile en&#8230;<\/p>","protected":false},"author":1,"featured_media":0,"parent":1479,"menu_order":1,"comment_status":"closed","ping_status":"closed","template":"","meta":{"_kad_post_transparent":"","_kad_post_title":"","_kad_post_layout":"","_kad_post_sidebar_id":"","_kad_post_content_style":"","_kad_post_vertical_padding":"","_kad_post_feature":"","_kad_post_feature_position":"","_kad_post_header":false,"_kad_post_footer":false,"_kad_post_classname":"","footnotes":""},"folder":[14],"class_list":["post-1938","page","type-page","status-publish","hentry"],"yoast_head":"<!-- This site is optimized with the Yoast SEO plugin v27.5 - https:\/\/yoast.com\/product\/yoast-seo-wordpress\/ -->\n<title>Terrasse mobile avec bois composite Timbertech<\/title>\n<meta name=\"robots\" content=\"index, follow, max-snippet:-1, max-image-preview:large, max-video-preview:-1\" \/>\n<link rel=\"canonical\" href=\"https:\/\/terrasse-mobile.net\/de\/old-beschichtungen\/zusammengesetztes-holz-old\/terrasse-mobile-bois-composite-timbertech-old\/\" \/>\n<meta property=\"og:locale\" content=\"de_DE\" \/>\n<meta property=\"og:type\" content=\"article\" \/>\n<meta property=\"og:title\" content=\"Terrasse mobile avec bois composite Timbertech\" \/>\n<meta property=\"og:description\" content=\"Lames en bois composite Timbertech pour terrasse mobile La gamme de lames de terrasse en bois composite Timbertech propose un platelage de qualit\u00e9 compos\u00e9 d&rsquo;un enrobage 4 faces offrant une protection compl\u00e8te des surfaces et un style \u00e9l\u00e9gant. Des lames pour terrasse mobile compos\u00e9es de mati\u00e8res premi\u00e8res de qualit\u00e9 Les lames pour terrasse mobile en...\" \/>\n<meta property=\"og:url\" content=\"https:\/\/terrasse-mobile.net\/de\/old-beschichtungen\/zusammengesetztes-holz-old\/terrasse-mobile-bois-composite-timbertech-old\/\" \/>\n<meta property=\"og:site_name\" content=\"Terrasse mobile\" \/>\n<meta property=\"article:modified_time\" content=\"2024-10-01T13:08:16+00:00\" \/>\n<meta property=\"og:image\" content=\"https:\/\/terrasse-mobile.net\/wp-content\/uploads\/elementor\/thumbs\/Deck-Color-Ideas-TimberTech-Whitewash-Cedar-Legacy-Collection-PRO-Decking-Poolside-Deck-Content-qktl0jwcsoilxyh05y8w21ivj8iz32ba9r254yksz0.jpg\" \/>\n<meta name=\"twitter:card\" content=\"summary_large_image\" \/>\n<meta name=\"twitter:label1\" content=\"Gesch\u00e4tzte Lesezeit\" \/>\n\t<meta name=\"twitter:data1\" content=\"3\u00a0Minuten\" \/>\n<script type=\"application\/ld+json\" class=\"yoast-schema-graph\">{\"@context\":\"https:\\\/\\\/schema.org\",\"@graph\":[{\"@type\":\"WebPage\",\"@id\":\"https:\\\/\\\/terrasse-mobile.net\\\/revetements-old\\\/bois-composite-old\\\/terrasse-mobile-bois-composite-timbertech-old\\\/\",\"url\":\"https:\\\/\\\/terrasse-mobile.net\\\/revetements-old\\\/bois-composite-old\\\/terrasse-mobile-bois-composite-timbertech-old\\\/\",\"name\":\"Terrasse mobile avec bois composite Timbertech\",\"isPartOf\":{\"@id\":\"https:\\\/\\\/terrasse-mobile.net\\\/#website\"},\"primaryImageOfPage\":{\"@id\":\"https:\\\/\\\/terrasse-mobile.net\\\/revetements-old\\\/bois-composite-old\\\/terrasse-mobile-bois-composite-timbertech-old\\\/#primaryimage\"},\"image\":{\"@id\":\"https:\\\/\\\/terrasse-mobile.net\\\/revetements-old\\\/bois-composite-old\\\/terrasse-mobile-bois-composite-timbertech-old\\\/#primaryimage\"},\"thumbnailUrl\":\"https:\\\/\\\/terrasse-mobile.net\\\/wp-content\\\/uploads\\\/elementor\\\/thumbs\\\/Deck-Color-Ideas-TimberTech-Whitewash-Cedar-Legacy-Collection-PRO-Decking-Poolside-Deck-Content-qktl0jwcsoilxyh05y8w21ivj8iz32ba9r254yksz0.jpg\",\"datePublished\":\"2024-01-25T16:12:40+00:00\",\"dateModified\":\"2024-10-01T13:08:16+00:00\",\"breadcrumb\":{\"@id\":\"https:\\\/\\\/terrasse-mobile.net\\\/revetements-old\\\/bois-composite-old\\\/terrasse-mobile-bois-composite-timbertech-old\\\/#breadcrumb\"},\"inLanguage\":\"de\",\"potentialAction\":[{\"@type\":\"ReadAction\",\"target\":[\"https:\\\/\\\/terrasse-mobile.net\\\/revetements-old\\\/bois-composite-old\\\/terrasse-mobile-bois-composite-timbertech-old\\\/\"]}]},{\"@type\":\"ImageObject\",\"inLanguage\":\"de\",\"@id\":\"https:\\\/\\\/terrasse-mobile.net\\\/revetements-old\\\/bois-composite-old\\\/terrasse-mobile-bois-composite-timbertech-old\\\/#primaryimage\",\"url\":\"https:\\\/\\\/terrasse-mobile.net\\\/wp-content\\\/uploads\\\/elementor\\\/thumbs\\\/Deck-Color-Ideas-TimberTech-Whitewash-Cedar-Legacy-Collection-PRO-Decking-Poolside-Deck-Content-qktl0jwcsoilxyh05y8w21ivj8iz32ba9r254yksz0.jpg\",\"contentUrl\":\"https:\\\/\\\/terrasse-mobile.net\\\/wp-content\\\/uploads\\\/elementor\\\/thumbs\\\/Deck-Color-Ideas-TimberTech-Whitewash-Cedar-Legacy-Collection-PRO-Decking-Poolside-Deck-Content-qktl0jwcsoilxyh05y8w21ivj8iz32ba9r254yksz0.jpg\"},{\"@type\":\"BreadcrumbList\",\"@id\":\"https:\\\/\\\/terrasse-mobile.net\\\/revetements-old\\\/bois-composite-old\\\/terrasse-mobile-bois-composite-timbertech-old\\\/#breadcrumb\",\"itemListElement\":[{\"@type\":\"ListItem\",\"position\":1,\"name\":\"Accueil\",\"item\":\"https:\\\/\\\/terrasse-mobile.net\\\/\"},{\"@type\":\"ListItem\",\"position\":2,\"name\":\"LES REV\u00caTEMENTS SLIDEDECK OLD\",\"item\":\"https:\\\/\\\/terrasse-mobile.net\\\/revetements-old\\\/\"},{\"@type\":\"ListItem\",\"position\":3,\"name\":\"LES BOIS COMPOSITES old\",\"item\":\"https:\\\/\\\/terrasse-mobile.net\\\/revetements-old\\\/bois-composite-old\\\/\"},{\"@type\":\"ListItem\",\"position\":4,\"name\":\"BOIS COMPOSITE TIMBERTECH old\"}]},{\"@type\":\"WebSite\",\"@id\":\"https:\\\/\\\/terrasse-mobile.net\\\/#website\",\"url\":\"https:\\\/\\\/terrasse-mobile.net\\\/\",\"name\":\"Slidedeck\",\"description\":\"Construction sur mesure de terrasses mobiles en \u00cele-de-France\",\"publisher\":{\"@id\":\"https:\\\/\\\/terrasse-mobile.net\\\/#organization\"},\"potentialAction\":[{\"@type\":\"SearchAction\",\"target\":{\"@type\":\"EntryPoint\",\"urlTemplate\":\"https:\\\/\\\/terrasse-mobile.net\\\/?s={search_term_string}\"},\"query-input\":{\"@type\":\"PropertyValueSpecification\",\"valueRequired\":true,\"valueName\":\"search_term_string\"}}],\"inLanguage\":\"de\"},{\"@type\":\"Organization\",\"@id\":\"https:\\\/\\\/terrasse-mobile.net\\\/#organization\",\"name\":\"Slidedeck\",\"url\":\"https:\\\/\\\/terrasse-mobile.net\\\/\",\"logo\":{\"@type\":\"ImageObject\",\"inLanguage\":\"de\",\"@id\":\"https:\\\/\\\/terrasse-mobile.net\\\/#\\\/schema\\\/logo\\\/image\\\/\",\"url\":\"https:\\\/\\\/terrasse-mobile.net\\\/wp-content\\\/uploads\\\/2024\\\/01\\\/logo-slidedeck.jpg\",\"contentUrl\":\"https:\\\/\\\/terrasse-mobile.net\\\/wp-content\\\/uploads\\\/2024\\\/01\\\/logo-slidedeck.jpg\",\"width\":2000,\"height\":1103,\"caption\":\"Slidedeck\"},\"image\":{\"@id\":\"https:\\\/\\\/terrasse-mobile.net\\\/#\\\/schema\\\/logo\\\/image\\\/\"}}]}<\/script>\n<!-- \/ Yoast SEO plugin. -->","yoast_head_json":{"title":"Terrasse mobile avec bois composite Timbertech","robots":{"index":"index","follow":"follow","max-snippet":"max-snippet:-1","max-image-preview":"max-image-preview:large","max-video-preview":"max-video-preview:-1"},"canonical":"https:\/\/terrasse-mobile.net\/de\/old-beschichtungen\/zusammengesetztes-holz-old\/terrasse-mobile-bois-composite-timbertech-old\/","og_locale":"de_DE","og_type":"article","og_title":"Terrasse mobile avec bois composite Timbertech","og_description":"Lames en bois composite Timbertech pour terrasse mobile La gamme de lames de terrasse en bois composite Timbertech propose un platelage de qualit\u00e9 compos\u00e9 d&rsquo;un enrobage 4 faces offrant une protection compl\u00e8te des surfaces et un style \u00e9l\u00e9gant. Des lames pour terrasse mobile compos\u00e9es de mati\u00e8res premi\u00e8res de qualit\u00e9 Les lames pour terrasse mobile en...","og_url":"https:\/\/terrasse-mobile.net\/de\/old-beschichtungen\/zusammengesetztes-holz-old\/terrasse-mobile-bois-composite-timbertech-old\/","og_site_name":"Terrasse mobile","article_modified_time":"2024-10-01T13:08:16+00:00","og_image":[{"url":"https:\/\/terrasse-mobile.net\/wp-content\/uploads\/elementor\/thumbs\/Deck-Color-Ideas-TimberTech-Whitewash-Cedar-Legacy-Collection-PRO-Decking-Poolside-Deck-Content-qktl0jwcsoilxyh05y8w21ivj8iz32ba9r254yksz0.jpg","type":"","width":"","height":""}],"twitter_card":"summary_large_image","twitter_misc":{"Gesch\u00e4tzte Lesezeit":"3\u00a0Minuten"},"schema":{"@context":"https:\/\/schema.org","@graph":[{"@type":"WebPage","@id":"https:\/\/terrasse-mobile.net\/revetements-old\/bois-composite-old\/terrasse-mobile-bois-composite-timbertech-old\/","url":"https:\/\/terrasse-mobile.net\/revetements-old\/bois-composite-old\/terrasse-mobile-bois-composite-timbertech-old\/","name":"Terrasse mobile avec bois composite Timbertech","isPartOf":{"@id":"https:\/\/terrasse-mobile.net\/#website"},"primaryImageOfPage":{"@id":"https:\/\/terrasse-mobile.net\/revetements-old\/bois-composite-old\/terrasse-mobile-bois-composite-timbertech-old\/#primaryimage"},"image":{"@id":"https:\/\/terrasse-mobile.net\/revetements-old\/bois-composite-old\/terrasse-mobile-bois-composite-timbertech-old\/#primaryimage"},"thumbnailUrl":"https:\/\/terrasse-mobile.net\/wp-content\/uploads\/elementor\/thumbs\/Deck-Color-Ideas-TimberTech-Whitewash-Cedar-Legacy-Collection-PRO-Decking-Poolside-Deck-Content-qktl0jwcsoilxyh05y8w21ivj8iz32ba9r254yksz0.jpg","datePublished":"2024-01-25T16:12:40+00:00","dateModified":"2024-10-01T13:08:16+00:00","breadcrumb":{"@id":"https:\/\/terrasse-mobile.net\/revetements-old\/bois-composite-old\/terrasse-mobile-bois-composite-timbertech-old\/#breadcrumb"},"inLanguage":"de","potentialAction":[{"@type":"ReadAction","target":["https:\/\/terrasse-mobile.net\/revetements-old\/bois-composite-old\/terrasse-mobile-bois-composite-timbertech-old\/"]}]},{"@type":"ImageObject","inLanguage":"de","@id":"https:\/\/terrasse-mobile.net\/revetements-old\/bois-composite-old\/terrasse-mobile-bois-composite-timbertech-old\/#primaryimage","url":"https:\/\/terrasse-mobile.net\/wp-content\/uploads\/elementor\/thumbs\/Deck-Color-Ideas-TimberTech-Whitewash-Cedar-Legacy-Collection-PRO-Decking-Poolside-Deck-Content-qktl0jwcsoilxyh05y8w21ivj8iz32ba9r254yksz0.jpg","contentUrl":"https:\/\/terrasse-mobile.net\/wp-content\/uploads\/elementor\/thumbs\/Deck-Color-Ideas-TimberTech-Whitewash-Cedar-Legacy-Collection-PRO-Decking-Poolside-Deck-Content-qktl0jwcsoilxyh05y8w21ivj8iz32ba9r254yksz0.jpg"},{"@type":"BreadcrumbList","@id":"https:\/\/terrasse-mobile.net\/revetements-old\/bois-composite-old\/terrasse-mobile-bois-composite-timbertech-old\/#breadcrumb","itemListElement":[{"@type":"ListItem","position":1,"name":"Accueil","item":"https:\/\/terrasse-mobile.net\/"},{"@type":"ListItem","position":2,"name":"LES REV\u00caTEMENTS SLIDEDECK OLD","item":"https:\/\/terrasse-mobile.net\/revetements-old\/"},{"@type":"ListItem","position":3,"name":"LES BOIS COMPOSITES old","item":"https:\/\/terrasse-mobile.net\/revetements-old\/bois-composite-old\/"},{"@type":"ListItem","position":4,"name":"BOIS COMPOSITE TIMBERTECH old"}]},{"@type":"WebSite","@id":"https:\/\/terrasse-mobile.net\/#website","url":"https:\/\/terrasse-mobile.net\/","name":"Slidedeck","description":"Ma\u00dfgeschneiderte Konstruktion von mobilen Terrassen in der \u00cele-de-France","publisher":{"@id":"https:\/\/terrasse-mobile.net\/#organization"},"potentialAction":[{"@type":"SearchAction","target":{"@type":"EntryPoint","urlTemplate":"https:\/\/terrasse-mobile.net\/?s={search_term_string}"},"query-input":{"@type":"PropertyValueSpecification","valueRequired":true,"valueName":"search_term_string"}}],"inLanguage":"de"},{"@type":"Organization","@id":"https:\/\/terrasse-mobile.net\/#organization","name":"Slidedeck","url":"https:\/\/terrasse-mobile.net\/","logo":{"@type":"ImageObject","inLanguage":"de","@id":"https:\/\/terrasse-mobile.net\/#\/schema\/logo\/image\/","url":"https:\/\/terrasse-mobile.net\/wp-content\/uploads\/2024\/01\/logo-slidedeck.jpg","contentUrl":"https:\/\/terrasse-mobile.net\/wp-content\/uploads\/2024\/01\/logo-slidedeck.jpg","width":2000,"height":1103,"caption":"Slidedeck"},"image":{"@id":"https:\/\/terrasse-mobile.net\/#\/schema\/logo\/image\/"}}]}},"_links":{"self":[{"href":"https:\/\/terrasse-mobile.net\/de\/wp-json\/wp\/v2\/pages\/1938","targetHints":{"allow":["GET"]}}],"collection":[{"href":"https:\/\/terrasse-mobile.net\/de\/wp-json\/wp\/v2\/pages"}],"about":[{"href":"https:\/\/terrasse-mobile.net\/de\/wp-json\/wp\/v2\/types\/page"}],"author":[{"embeddable":true,"href":"https:\/\/terrasse-mobile.net\/de\/wp-json\/wp\/v2\/users\/1"}],"replies":[{"embeddable":true,"href":"https:\/\/terrasse-mobile.net\/de\/wp-json\/wp\/v2\/comments?post=1938"}],"version-history":[{"count":26,"href":"https:\/\/terrasse-mobile.net\/de\/wp-json\/wp\/v2\/pages\/1938\/revisions"}],"predecessor-version":[{"id":5689,"href":"https:\/\/terrasse-mobile.net\/de\/wp-json\/wp\/v2\/pages\/1938\/revisions\/5689"}],"up":[{"embeddable":true,"href":"https:\/\/terrasse-mobile.net\/de\/wp-json\/wp\/v2\/pages\/1479"}],"wp:attachment":[{"href":"https:\/\/terrasse-mobile.net\/de\/wp-json\/wp\/v2\/media?parent=1938"}],"wp:term":[{"taxonomy":"folder","embeddable":true,"href":"https:\/\/terrasse-mobile.net\/de\/wp-json\/wp\/v2\/folder?post=1938"}],"curies":[{"name":"wp","href":"https:\/\/api.w.org\/{rel}","templated":true}]}}