{"id":6300,"date":"2024-11-15T15:09:31","date_gmt":"2024-11-15T14:09:47","guid":{"rendered":"https:\/\/terrasse-mobile.net\/?page_id=6300"},"modified":"2025-11-25T16:12:39","modified_gmt":"2025-11-25T15:12:39","slug":"grad-belag-fur-ihre-mobile-terrasse","status":"publish","type":"page","link":"https:\/\/terrasse-mobile.net\/de_ch\/terrasse-mobile-sur-mesure\/options\/revetement-grad-pour-votre-terrasse-mobile\/","title":{"rendered":"GRAD-BELAG F\u00dcR IHRE MOBILE TERRASSE"},"content":{"rendered":"<p class=\"has-text-align-center\"><a href=\"https:\/\/terrasse-mobile.net\/de_ch\/mobile-terrasse-nach-mas\/optionen\/\"><br>ENTDECKEN SIE WEITERE OPTIONEN F\u00dcR IHRE MOBILE TERRASSE<\/a><\/p>\n\n\n\n<div class=\"wp-block-group\"><div class=\"wp-block-group__inner-container is-layout-constrained wp-block-group-is-layout-constrained\">\n<div class=\"wp-block-columns is-layout-flex wp-container-core-columns-is-layout-9d6595d7 wp-block-columns-is-layout-flex\">\n<div class=\"wp-block-column is-layout-flow wp-block-column-is-layout-flow\">\n<h2 class=\"wp-block-heading\">Ein innovatives Terrassendielen-System<\/h2>\n\n\n\n<ul class=\"wp-block-list\">\n<li>Entdecken Sie ein System, das f\u00fcr alle Konfigurationen geeignet ist und eine perfekte Ausrichtung der Klingen garantiert.<\/li>\n\n\n\n<li>Dieses System erleichtert die Arbeitsbedingungen des Verlegers und verk\u00fcrzt die Installationszeit um bis zu 50%.<\/li>\n\n\n\n<li>Das Grad-System ist zerlegbar und hat eine 20-j\u00e4hrige Garantie.<\/li>\n\n\n\n<li> Aus recycelten und\/oder recycelbaren Materialien hergestellt.<\/li>\n<\/ul>\n<\/div>\n\n\n\n<div class=\"wp-block-column is-layout-flow wp-block-column-is-layout-flow\">\n<figure class=\"wp-block-image size-full\"><img decoding=\"async\" width=\"599\" height=\"397\" src=\"https:\/\/terrasse-mobile.net\/wp-content\/uploads\/2024\/10\/REA-TERR-MOB-FINEL-06.jpg\" alt=\"Offene mobile Terrasse in die Terrasse integriert\" class=\"wp-image-6103\" srcset=\"https:\/\/terrasse-mobile.net\/wp-content\/uploads\/2024\/10\/REA-TERR-MOB-FINEL-06.jpg 599w, https:\/\/terrasse-mobile.net\/wp-content\/uploads\/2024\/10\/REA-TERR-MOB-FINEL-06-300x199.jpg 300w\" sizes=\"(max-width: 599px) 100vw, 599px\" \/><\/figure>\n<\/div>\n<\/div>\n<\/div><\/div>\n\n\n\n<div class=\"wp-block-group\"><div class=\"wp-block-group__inner-container is-layout-constrained wp-block-group-is-layout-constrained\">\n<div class=\"wp-block-columns is-layout-flex wp-container-core-columns-is-layout-9d6595d7 wp-block-columns-is-layout-flex\">\n<div class=\"wp-block-column is-layout-flow wp-block-column-is-layout-flow\">\n<figure class=\"wp-block-image size-full\"><img decoding=\"async\" width=\"600\" height=\"397\" src=\"https:\/\/terrasse-mobile.net\/wp-content\/uploads\/2024\/11\/LAMES-CLIPS-GRAL.jpeg\" alt=\"Illustration des Grad-Systems\" class=\"wp-image-6379\" srcset=\"https:\/\/terrasse-mobile.net\/wp-content\/uploads\/2024\/11\/LAMES-CLIPS-GRAL.jpeg 600w, https:\/\/terrasse-mobile.net\/wp-content\/uploads\/2024\/11\/LAMES-CLIPS-GRAL-300x199.jpeg 300w, https:\/\/terrasse-mobile.net\/wp-content\/uploads\/2024\/11\/LAMES-CLIPS-GRAL-50x33.jpeg 50w\" sizes=\"(max-width: 600px) 100vw, 600px\" \/><\/figure>\n<\/div>\n\n\n\n<div class=\"wp-block-column is-layout-flow wp-block-column-is-layout-flow\">\n<h2 class=\"wp-block-heading\">Ein innovatives Terrassendielen-System<\/h2>\n\n\n\n<p>Das Grad-System ist ein franz\u00f6sisches Verfahren zum Bau von Holzterrassen, das auf einem speziellen Clip in Form einer Harpune und speziell bearbeiteten Terrassendielen basiert, die sehr leicht in den Clip eingeklickt werden k\u00f6nnen. Der Clip wird auf einer robusten Aluminiumschiene geliefert. Bei einem mobilen Terrassenbausatz montieren wir die Grad-Schiene mit den Clips in unserer Werkstatt an der Struktur der mobilen Terrasse. Auf diese Weise ist die Befestigung der Terrassendielen \u00e4u\u00dferst einfach, da die Diele nur auf die richtige L\u00e4nge zugeschnitten und einfach in die Schiene eingeklickt werden muss.<\/p>\n<\/div>\n<\/div>\n<\/div><\/div>\n\n\n\n<h2 class=\"wp-block-heading has-text-align-center\">Das Sortiment an Terrassendielen mit Sofortbefestigung durch Clips<\/h2>\n\n\n\n<div class=\"wp-block-group\"><div class=\"wp-block-group__inner-container is-layout-constrained wp-block-group-is-layout-constrained\">\n<div class=\"wp-block-columns is-layout-flex wp-container-core-columns-is-layout-9d6595d7 wp-block-columns-is-layout-flex\">\n<div class=\"wp-block-column is-layout-flow wp-block-column-is-layout-flow\">\n<figure class=\"wp-block-image size-full\"><img decoding=\"async\" width=\"561\" height=\"471\" src=\"https:\/\/terrasse-mobile.net\/wp-content\/uploads\/2024\/11\/ACCOYA-GRIS.png\" alt=\"\" class=\"wp-image-6321\" srcset=\"https:\/\/terrasse-mobile.net\/wp-content\/uploads\/2024\/11\/ACCOYA-GRIS.png 561w, https:\/\/terrasse-mobile.net\/wp-content\/uploads\/2024\/11\/ACCOYA-GRIS-300x252.png 300w, https:\/\/terrasse-mobile.net\/wp-content\/uploads\/2024\/11\/ACCOYA-GRIS-50x42.png 50w\" sizes=\"(max-width: 561px) 100vw, 561px\" \/><\/figure>\n\n\n\n<p class=\"has-text-align-center\">GRAD-System, <mark style=\"background-color:rgba(0, 0, 0, 0)\" class=\"has-inline-color has-theme-palette-2-color\"><strong>Accoya Grau<\/strong><\/mark><br>Die Accoya Grau Terrassendiele ist eine Diele, die eine hohe Stabilit\u00e4t, eine lange Lebensdauer <br>und eine \u00e4sthetisch ansprechende graue Farbe.<\/p>\n<\/div>\n\n\n\n<div class=\"wp-block-column is-layout-flow wp-block-column-is-layout-flow\">\n<figure class=\"wp-block-image size-full\"><img decoding=\"async\" width=\"600\" height=\"500\" src=\"https:\/\/terrasse-mobile.net\/wp-content\/uploads\/2024\/11\/Accoya.png\" alt=\"\" class=\"wp-image-6323\" srcset=\"https:\/\/terrasse-mobile.net\/wp-content\/uploads\/2024\/11\/Accoya.png 600w, https:\/\/terrasse-mobile.net\/wp-content\/uploads\/2024\/11\/Accoya-300x250.png 300w, https:\/\/terrasse-mobile.net\/wp-content\/uploads\/2024\/11\/Accoya-50x42.png 50w\" sizes=\"(max-width: 600px) 100vw, 600px\" \/><\/figure>\n\n\n\n<p class=\"has-text-align-center\">GRAD-System, <mark style=\"background-color:rgba(0, 0, 0, 0)\" class=\"has-inline-color has-theme-palette-2-color\"><strong>Accoya<\/strong><\/mark><br>Die Accoya-Terrassendiele ist eine Diele, die eine hohe Stabilit\u00e4t, eine gro\u00dfe Langlebigkeit <br>und eine sehr \u00e4sthetische wei\u00dfe Farbe.<\/p>\n<\/div>\n<\/div>\n<\/div><\/div>\n\n\n\n<div style=\"height:48px\" aria-hidden=\"true\" class=\"wp-block-spacer\"><\/div>\n\n\n\n<div class=\"wp-block-group\"><div class=\"wp-block-group__inner-container is-layout-constrained wp-block-group-is-layout-constrained\">\n<div class=\"wp-block-columns is-layout-flex wp-container-core-columns-is-layout-9d6595d7 wp-block-columns-is-layout-flex\">\n<div class=\"wp-block-column is-layout-flow wp-block-column-is-layout-flow\">\n<figure class=\"wp-block-image size-full\"><img decoding=\"async\" width=\"600\" height=\"500\" src=\"https:\/\/terrasse-mobile.net\/wp-content\/uploads\/2024\/11\/DEX-HAZEL.png\" alt=\"\" class=\"wp-image-6317\" srcset=\"https:\/\/terrasse-mobile.net\/wp-content\/uploads\/2024\/11\/DEX-HAZEL.png 600w, https:\/\/terrasse-mobile.net\/wp-content\/uploads\/2024\/11\/DEX-HAZEL-300x250.png 300w, https:\/\/terrasse-mobile.net\/wp-content\/uploads\/2024\/11\/DEX-HAZEL-50x42.png 50w\" sizes=\"(max-width: 600px) 100vw, 600px\" \/><\/figure>\n\n\n\n<p class=\"has-text-align-center\">GRAD-System, <strong><mark style=\"background-color:rgba(0, 0, 0, 0)\" class=\"has-inline-color has-theme-palette-2-color\">DEX Hazel<\/mark><\/strong><br>Die DEX Hazel Terrassendiele ist eine widerstandsf\u00e4hige Diele aus Keramik, die ihr einzigartige Eigenschaften verleiht.<\/p>\n<\/div>\n\n\n\n<div class=\"wp-block-column is-layout-flow wp-block-column-is-layout-flow\">\n<figure class=\"wp-block-image size-full\"><img decoding=\"async\" width=\"600\" height=\"500\" src=\"https:\/\/terrasse-mobile.net\/wp-content\/uploads\/2024\/11\/DEX-WAL.png\" alt=\"\" class=\"wp-image-6316\" srcset=\"https:\/\/terrasse-mobile.net\/wp-content\/uploads\/2024\/11\/DEX-WAL.png 600w, https:\/\/terrasse-mobile.net\/wp-content\/uploads\/2024\/11\/DEX-WAL-300x250.png 300w, https:\/\/terrasse-mobile.net\/wp-content\/uploads\/2024\/11\/DEX-WAL-50x42.png 50w\" sizes=\"(max-width: 600px) 100vw, 600px\" \/><\/figure>\n\n\n\n<p class=\"has-text-align-center\">GRAD-System, <strong><mark style=\"background-color:rgba(0, 0, 0, 0)\" class=\"has-inline-color has-theme-palette-2-color\">DEX Wal<\/mark><\/strong><br>Die DEX Wal Terrassendiele ist eine widerstandsf\u00e4hige Diele aus Keramik, die ihr einzigartige Eigenschaften verleiht.<\/p>\n<\/div>\n<\/div>\n\n\n\n<div style=\"height:57px\" aria-hidden=\"true\" class=\"wp-block-spacer\"><\/div>\n\n\n\n<div class=\"wp-block-columns is-layout-flex wp-container-core-columns-is-layout-9d6595d7 wp-block-columns-is-layout-flex\">\n<div class=\"wp-block-column is-layout-flow wp-block-column-is-layout-flow\">\n<figure class=\"wp-block-image size-full\"><img decoding=\"async\" width=\"600\" height=\"500\" src=\"https:\/\/terrasse-mobile.net\/wp-content\/uploads\/2024\/11\/DURANCE.png\" alt=\"\" class=\"wp-image-6325\" srcset=\"https:\/\/terrasse-mobile.net\/wp-content\/uploads\/2024\/11\/DURANCE.png 600w, https:\/\/terrasse-mobile.net\/wp-content\/uploads\/2024\/11\/DURANCE-300x250.png 300w, https:\/\/terrasse-mobile.net\/wp-content\/uploads\/2024\/11\/DURANCE-50x42.png 50w\" sizes=\"(max-width: 600px) 100vw, 600px\" \/><\/figure>\n\n\n\n<p class=\"has-text-align-center\">GRAD-System, <strong><mark style=\"background-color:rgba(0, 0, 0, 0)\" class=\"has-inline-color has-theme-palette-2-color\">Durance<\/mark><\/strong><br>Diese Klinge wird aus Bambuslamellen hergestellt. <br>Sie ist von sch\u00f6ner Karamellfarbe und hat <br>eine sichtbare Maserung<\/p>\n<\/div>\n\n\n\n<div class=\"wp-block-column is-layout-flow wp-block-column-is-layout-flow\">\n<figure class=\"wp-block-image size-full\"><img decoding=\"async\" width=\"600\" height=\"500\" src=\"https:\/\/terrasse-mobile.net\/wp-content\/uploads\/2024\/11\/KEBONY.png\" alt=\"\" class=\"wp-image-6322\" srcset=\"https:\/\/terrasse-mobile.net\/wp-content\/uploads\/2024\/11\/KEBONY.png 600w, https:\/\/terrasse-mobile.net\/wp-content\/uploads\/2024\/11\/KEBONY-300x250.png 300w, https:\/\/terrasse-mobile.net\/wp-content\/uploads\/2024\/11\/KEBONY-50x42.png 50w\" sizes=\"(max-width: 600px) 100vw, 600px\" \/><\/figure>\n\n\n\n<p class=\"has-text-align-center\">GRAD-System, <strong><mark style=\"background-color:rgba(0, 0, 0, 0)\" class=\"has-inline-color has-theme-palette-2-color\">Kebony<\/mark><\/strong><br>Kebonhy-Holz wird aus Radiata-Kiefer hergestellt, die mit einem fl\u00fcssigen Zusatzstoff aus pflanzlichen Bestandteilen behandelt wurde.<\/p>\n<\/div>\n<\/div>\n\n\n\n<div style=\"height:63px\" aria-hidden=\"true\" class=\"wp-block-spacer\"><\/div>\n\n\n\n<div class=\"wp-block-columns is-layout-flex wp-container-core-columns-is-layout-9d6595d7 wp-block-columns-is-layout-flex\">\n<div class=\"wp-block-column is-layout-flow wp-block-column-is-layout-flow\">\n<figure class=\"wp-block-image size-full\"><img decoding=\"async\" width=\"600\" height=\"500\" src=\"https:\/\/terrasse-mobile.net\/wp-content\/uploads\/2024\/11\/MOSO-XTREME.png\" alt=\"\" class=\"wp-image-6319\" srcset=\"https:\/\/terrasse-mobile.net\/wp-content\/uploads\/2024\/11\/MOSO-XTREME.png 600w, https:\/\/terrasse-mobile.net\/wp-content\/uploads\/2024\/11\/MOSO-XTREME-300x250.png 300w, https:\/\/terrasse-mobile.net\/wp-content\/uploads\/2024\/11\/MOSO-XTREME-50x42.png 50w\" sizes=\"(max-width: 600px) 100vw, 600px\" \/><\/figure>\n\n\n\n<p class=\"has-text-align-center\">GRAD-System, <strong><mark style=\"background-color:rgba(0, 0, 0, 0)\" class=\"has-inline-color has-theme-palette-2-color\">Moso Xtreme<\/mark><\/strong><br>Diese Klinge wird aus Bambuslamellen hergestellt. <br>Sie hat eine sch\u00f6ne schokoladenbraune Farbe und verf\u00fcgt \u00fcber <br>eine sichtbare Maserung<\/p>\n<\/div>\n\n\n\n<div class=\"wp-block-column is-layout-flow wp-block-column-is-layout-flow\">\n<figure class=\"wp-block-image size-full\"><img decoding=\"async\" width=\"600\" height=\"500\" src=\"https:\/\/terrasse-mobile.net\/wp-content\/uploads\/2024\/11\/NAKKO-BRUN.png\" alt=\"\" class=\"wp-image-6326\" srcset=\"https:\/\/terrasse-mobile.net\/wp-content\/uploads\/2024\/11\/NAKKO-BRUN.png 600w, https:\/\/terrasse-mobile.net\/wp-content\/uploads\/2024\/11\/NAKKO-BRUN-300x250.png 300w, https:\/\/terrasse-mobile.net\/wp-content\/uploads\/2024\/11\/NAKKO-BRUN-50x42.png 50w\" sizes=\"(max-width: 600px) 100vw, 600px\" \/><\/figure>\n\n\n\n<p class=\"has-text-align-center\">GRAD-System, <strong><mark style=\"background-color:rgba(0, 0, 0, 0)\" class=\"has-inline-color has-theme-palette-2-color\">Nekko Braun<\/mark><\/strong><br>Diese braune Terrassendiele besteht aus Verbundholz, das ihr eine ausgezeichnete Stabilit\u00e4t und Textur verleiht.<\/p>\n<\/div>\n<\/div>\n\n\n\n<div style=\"height:65px\" aria-hidden=\"true\" class=\"wp-block-spacer\"><\/div>\n\n\n\n<div class=\"wp-block-columns is-layout-flex wp-container-core-columns-is-layout-9d6595d7 wp-block-columns-is-layout-flex\">\n<div class=\"wp-block-column is-layout-flow wp-block-column-is-layout-flow\">\n<figure class=\"wp-block-image size-full\"><img decoding=\"async\" width=\"600\" height=\"500\" src=\"https:\/\/terrasse-mobile.net\/wp-content\/uploads\/2024\/11\/NEKKO-GRIS.png\" alt=\"\" class=\"wp-image-6324\" srcset=\"https:\/\/terrasse-mobile.net\/wp-content\/uploads\/2024\/11\/NEKKO-GRIS.png 600w, https:\/\/terrasse-mobile.net\/wp-content\/uploads\/2024\/11\/NEKKO-GRIS-300x250.png 300w, https:\/\/terrasse-mobile.net\/wp-content\/uploads\/2024\/11\/NEKKO-GRIS-50x42.png 50w\" sizes=\"(max-width: 600px) 100vw, 600px\" \/><\/figure>\n\n\n\n<p class=\"has-text-align-center\">GRAD-System, <strong><mark style=\"background-color:rgba(0, 0, 0, 0)\" class=\"has-inline-color has-theme-palette-2-color\">Nekko Grau<\/mark><\/strong><br>Diese grau gef\u00e4rbte Terrassendiele besteht aus Verbundholz, das ihr eine ausgezeichnete Stabilit\u00e4t und Textur verleiht.<\/p>\n<\/div>\n\n\n\n<div class=\"wp-block-column is-layout-flow wp-block-column-is-layout-flow\">\n<figure class=\"wp-block-image size-full\"><img decoding=\"async\" width=\"600\" height=\"500\" src=\"https:\/\/terrasse-mobile.net\/wp-content\/uploads\/2024\/11\/THERMOFRENE.png\" alt=\"\" class=\"wp-image-6318\" srcset=\"https:\/\/terrasse-mobile.net\/wp-content\/uploads\/2024\/11\/THERMOFRENE.png 600w, https:\/\/terrasse-mobile.net\/wp-content\/uploads\/2024\/11\/THERMOFRENE-300x250.png 300w, https:\/\/terrasse-mobile.net\/wp-content\/uploads\/2024\/11\/THERMOFRENE-50x42.png 50w\" sizes=\"(max-width: 600px) 100vw, 600px\" \/><\/figure>\n\n\n\n<p class=\"has-text-align-center\">GRAD-System, <strong><mark style=\"background-color:rgba(0, 0, 0, 0)\" class=\"has-inline-color has-theme-palette-2-color\">Thermofrene<\/mark><\/strong><br>Diese Terrassendiele ist eine Besonderheit, da sie die F\u00e4higkeit besitzt, verrottungsfest zu sein. Diese Diele ist sehr stabil und langlebig. Im Laufe der Zeit und durch die UV-Strahlen wird diese Diele eine sch\u00f6ne silberne Patina aufweisen.<\/p>\n<\/div>\n<\/div>\n\n\n\n<div class=\"wp-block-columns is-layout-flex wp-container-core-columns-is-layout-9d6595d7 wp-block-columns-is-layout-flex\">\n<div class=\"wp-block-column is-layout-flow wp-block-column-is-layout-flow\">\n<figure class=\"wp-block-image size-full\"><img decoding=\"async\" width=\"600\" height=\"500\" src=\"https:\/\/terrasse-mobile.net\/wp-content\/uploads\/2024\/11\/THERMOPIN.png\" alt=\"\" class=\"wp-image-6320\" srcset=\"https:\/\/terrasse-mobile.net\/wp-content\/uploads\/2024\/11\/THERMOPIN.png 600w, https:\/\/terrasse-mobile.net\/wp-content\/uploads\/2024\/11\/THERMOPIN-300x250.png 300w, https:\/\/terrasse-mobile.net\/wp-content\/uploads\/2024\/11\/THERMOPIN-50x42.png 50w\" sizes=\"(max-width: 600px) 100vw, 600px\" \/><\/figure>\n\n\n\n<p class=\"has-text-align-center\">GRAD-System, <strong><mark style=\"background-color:rgba(0, 0, 0, 0)\" class=\"has-inline-color has-theme-palette-2-color\">Thermopin<\/mark><\/strong><br>Diese Terrassendiele ist eine Besonderheit, da sie die F\u00e4higkeit besitzt, verrottungsfest zu sein. Diese Diele ist sehr stabil und langlebig. Im Laufe der Zeit und durch die UV-Strahlen wird diese Diele eine sch\u00f6ne silberne Patina aufweisen.<\/p>\n<\/div>\n\n\n\n<div class=\"wp-block-column is-layout-flow wp-block-column-is-layout-flow\">\n<p class=\"has-text-align-center\"><\/p>\n<\/div>\n<\/div>\n<\/div><\/div>","protected":false},"excerpt":{"rendered":"<p>D\u00c9COUVREZ LES AUTRES OPTIONS POUR VOTRE TERRASSE MOBILE Un syst\u00e8me de lames de terrasse innovant Un syst\u00e8me de lames de terrasse innovant Le syst\u00e8me Grad est un proc\u00e9d\u00e9 fran\u00e7ais de construction de terrasses en bois, bas\u00e9 sur un clip sp\u00e9cial en forme de harpon, et de lames de terrasses sp\u00e9cialement usin\u00e9es pour venir s&rsquo;enclipser tr\u00e8s&#8230;<\/p>","protected":false},"author":1,"featured_media":3640,"parent":5509,"menu_order":40,"comment_status":"closed","ping_status":"closed","template":"","meta":{"_kad_post_transparent":"","_kad_post_title":"","_kad_post_layout":"","_kad_post_sidebar_id":"","_kad_post_content_style":"","_kad_post_vertical_padding":"","_kad_post_feature":"","_kad_post_feature_position":"","_kad_post_header":false,"_kad_post_footer":false,"_kad_post_classname":"","footnotes":""},"folder":[],"class_list":["post-6300","page","type-page","status-publish","has-post-thumbnail","hentry"],"yoast_head":"<!-- This site is optimized with the Yoast SEO plugin v27.5 - https:\/\/yoast.com\/product\/yoast-seo-wordpress\/ -->\n<title>Rev\u00eatement GRAD pour terrasse mobile<\/title>\n<meta name=\"description\" content=\"La terrasse mobile pour piscine SlideDeck peut \u00eatre \u00e9quip\u00e9e de plusieurs options dont le rev\u00eatement GRAD (syst\u00e8me de clips).\" \/>\n<meta name=\"robots\" content=\"index, follow, max-snippet:-1, max-image-preview:large, max-video-preview:-1\" \/>\n<link rel=\"canonical\" href=\"https:\/\/terrasse-mobile.net\/de_ch\/mobile-terrasse-nach-mas\/optionen\/grad-belag-fur-ihre-mobile-terrasse\/\" \/>\n<meta property=\"og:locale\" content=\"de_DE\" \/>\n<meta property=\"og:type\" content=\"article\" \/>\n<meta property=\"og:title\" content=\"Rev\u00eatement GRAD pour terrasse mobile\" \/>\n<meta property=\"og:description\" content=\"La terrasse mobile pour piscine SlideDeck peut \u00eatre \u00e9quip\u00e9e de plusieurs options dont le rev\u00eatement GRAD (syst\u00e8me de clips).\" \/>\n<meta property=\"og:url\" content=\"https:\/\/terrasse-mobile.net\/de_ch\/mobile-terrasse-nach-mas\/optionen\/grad-belag-fur-ihre-mobile-terrasse\/\" \/>\n<meta property=\"og:site_name\" content=\"Terrasse mobile\" \/>\n<meta property=\"article:modified_time\" content=\"2025-11-25T15:12:39+00:00\" \/>\n<meta property=\"og:image\" content=\"https:\/\/terrasse-mobile.net\/wp-content\/uploads\/2024\/02\/REAL-SABOURAULT-PISCINE-2.jpg\" \/>\n\t<meta property=\"og:image:width\" content=\"2000\" \/>\n\t<meta property=\"og:image:height\" content=\"1500\" \/>\n\t<meta property=\"og:image:type\" content=\"image\/jpeg\" \/>\n<meta name=\"twitter:card\" content=\"summary_large_image\" \/>\n<meta name=\"twitter:label1\" content=\"Gesch\u00e4tzte Lesezeit\" \/>\n\t<meta name=\"twitter:data1\" content=\"6\u00a0Minuten\" \/>\n<script type=\"application\/ld+json\" class=\"yoast-schema-graph\">{\"@context\":\"https:\\\/\\\/schema.org\",\"@graph\":[{\"@type\":\"WebPage\",\"@id\":\"https:\\\/\\\/terrasse-mobile.net\\\/terrasse-mobile-sur-mesure\\\/options\\\/revetement-grad-pour-votre-terrasse-mobile\\\/\",\"url\":\"https:\\\/\\\/terrasse-mobile.net\\\/terrasse-mobile-sur-mesure\\\/options\\\/revetement-grad-pour-votre-terrasse-mobile\\\/\",\"name\":\"Rev\u00eatement GRAD pour terrasse mobile\",\"isPartOf\":{\"@id\":\"https:\\\/\\\/terrasse-mobile.net\\\/#website\"},\"primaryImageOfPage\":{\"@id\":\"https:\\\/\\\/terrasse-mobile.net\\\/terrasse-mobile-sur-mesure\\\/options\\\/revetement-grad-pour-votre-terrasse-mobile\\\/#primaryimage\"},\"image\":{\"@id\":\"https:\\\/\\\/terrasse-mobile.net\\\/terrasse-mobile-sur-mesure\\\/options\\\/revetement-grad-pour-votre-terrasse-mobile\\\/#primaryimage\"},\"thumbnailUrl\":\"https:\\\/\\\/terrasse-mobile.net\\\/wp-content\\\/uploads\\\/2024\\\/02\\\/REAL-SABOURAULT-PISCINE-2.jpg\",\"datePublished\":\"2024-11-15T14:09:47+00:00\",\"dateModified\":\"2025-11-25T15:12:39+00:00\",\"description\":\"La terrasse mobile pour piscine SlideDeck peut \u00eatre \u00e9quip\u00e9e de plusieurs options dont le rev\u00eatement GRAD (syst\u00e8me de clips).\",\"breadcrumb\":{\"@id\":\"https:\\\/\\\/terrasse-mobile.net\\\/terrasse-mobile-sur-mesure\\\/options\\\/revetement-grad-pour-votre-terrasse-mobile\\\/#breadcrumb\"},\"inLanguage\":\"de-CH\",\"potentialAction\":[{\"@type\":\"ReadAction\",\"target\":[\"https:\\\/\\\/terrasse-mobile.net\\\/terrasse-mobile-sur-mesure\\\/options\\\/revetement-grad-pour-votre-terrasse-mobile\\\/\"]}]},{\"@type\":\"ImageObject\",\"inLanguage\":\"de-CH\",\"@id\":\"https:\\\/\\\/terrasse-mobile.net\\\/terrasse-mobile-sur-mesure\\\/options\\\/revetement-grad-pour-votre-terrasse-mobile\\\/#primaryimage\",\"url\":\"https:\\\/\\\/terrasse-mobile.net\\\/wp-content\\\/uploads\\\/2024\\\/02\\\/REAL-SABOURAULT-PISCINE-2.jpg\",\"contentUrl\":\"https:\\\/\\\/terrasse-mobile.net\\\/wp-content\\\/uploads\\\/2024\\\/02\\\/REAL-SABOURAULT-PISCINE-2.jpg\",\"width\":2000,\"height\":1500,\"caption\":\"DCIM100MEDIADJI_0365.JPG\"},{\"@type\":\"BreadcrumbList\",\"@id\":\"https:\\\/\\\/terrasse-mobile.net\\\/terrasse-mobile-sur-mesure\\\/options\\\/revetement-grad-pour-votre-terrasse-mobile\\\/#breadcrumb\",\"itemListElement\":[{\"@type\":\"ListItem\",\"position\":1,\"name\":\"Accueil\",\"item\":\"https:\\\/\\\/terrasse-mobile.net\\\/\"},{\"@type\":\"ListItem\",\"position\":2,\"name\":\"LA TERRASSE MOBILE SUR-MESURE POUR PISCINE\",\"item\":\"https:\\\/\\\/terrasse-mobile.net\\\/terrasse-mobile-sur-mesure\\\/\"},{\"@type\":\"ListItem\",\"position\":3,\"name\":\"LES OPTIONS POUR VOTRE TERRASSE MOBILE POUR PISCINE\",\"item\":\"https:\\\/\\\/terrasse-mobile.net\\\/terrasse-mobile-sur-mesure\\\/options\\\/\"},{\"@type\":\"ListItem\",\"position\":4,\"name\":\"REV\u00caTEMENT GRAD POUR VOTRE TERRASSE MOBILE\"}]},{\"@type\":\"WebSite\",\"@id\":\"https:\\\/\\\/terrasse-mobile.net\\\/#website\",\"url\":\"https:\\\/\\\/terrasse-mobile.net\\\/\",\"name\":\"Slidedeck\",\"description\":\"Construction sur mesure de terrasses mobiles en \u00cele-de-France\",\"publisher\":{\"@id\":\"https:\\\/\\\/terrasse-mobile.net\\\/#organization\"},\"potentialAction\":[{\"@type\":\"SearchAction\",\"target\":{\"@type\":\"EntryPoint\",\"urlTemplate\":\"https:\\\/\\\/terrasse-mobile.net\\\/?s={search_term_string}\"},\"query-input\":{\"@type\":\"PropertyValueSpecification\",\"valueRequired\":true,\"valueName\":\"search_term_string\"}}],\"inLanguage\":\"de-CH\"},{\"@type\":\"Organization\",\"@id\":\"https:\\\/\\\/terrasse-mobile.net\\\/#organization\",\"name\":\"Slidedeck\",\"url\":\"https:\\\/\\\/terrasse-mobile.net\\\/\",\"logo\":{\"@type\":\"ImageObject\",\"inLanguage\":\"de-CH\",\"@id\":\"https:\\\/\\\/terrasse-mobile.net\\\/#\\\/schema\\\/logo\\\/image\\\/\",\"url\":\"https:\\\/\\\/terrasse-mobile.net\\\/wp-content\\\/uploads\\\/2024\\\/01\\\/logo-slidedeck.jpg\",\"contentUrl\":\"https:\\\/\\\/terrasse-mobile.net\\\/wp-content\\\/uploads\\\/2024\\\/01\\\/logo-slidedeck.jpg\",\"width\":2000,\"height\":1103,\"caption\":\"Slidedeck\"},\"image\":{\"@id\":\"https:\\\/\\\/terrasse-mobile.net\\\/#\\\/schema\\\/logo\\\/image\\\/\"}}]}<\/script>\n<!-- \/ Yoast SEO plugin. -->","yoast_head_json":{"title":"GRAD-Belag f\u00fcr mobile Terrasse","description":"Die mobile Poolterrasse SlideDeck kann mit verschiedenen Optionen ausgestattet werden, darunter der GRAD-Belag (Clip-System).","robots":{"index":"index","follow":"follow","max-snippet":"max-snippet:-1","max-image-preview":"max-image-preview:large","max-video-preview":"max-video-preview:-1"},"canonical":"https:\/\/terrasse-mobile.net\/de_ch\/mobile-terrasse-nach-mas\/optionen\/grad-belag-fur-ihre-mobile-terrasse\/","og_locale":"de_DE","og_type":"article","og_title":"Rev\u00eatement GRAD pour terrasse mobile","og_description":"La terrasse mobile pour piscine SlideDeck peut \u00eatre \u00e9quip\u00e9e de plusieurs options dont le rev\u00eatement GRAD (syst\u00e8me de clips).","og_url":"https:\/\/terrasse-mobile.net\/de_ch\/mobile-terrasse-nach-mas\/optionen\/grad-belag-fur-ihre-mobile-terrasse\/","og_site_name":"Terrasse mobile","article_modified_time":"2025-11-25T15:12:39+00:00","og_image":[{"width":2000,"height":1500,"url":"https:\/\/terrasse-mobile.net\/wp-content\/uploads\/2024\/02\/REAL-SABOURAULT-PISCINE-2.jpg","type":"image\/jpeg"}],"twitter_card":"summary_large_image","twitter_misc":{"Gesch\u00e4tzte Lesezeit":"6\u00a0Minuten"},"schema":{"@context":"https:\/\/schema.org","@graph":[{"@type":"WebPage","@id":"https:\/\/terrasse-mobile.net\/terrasse-mobile-sur-mesure\/options\/revetement-grad-pour-votre-terrasse-mobile\/","url":"https:\/\/terrasse-mobile.net\/terrasse-mobile-sur-mesure\/options\/revetement-grad-pour-votre-terrasse-mobile\/","name":"GRAD-Belag f\u00fcr mobile Terrasse","isPartOf":{"@id":"https:\/\/terrasse-mobile.net\/#website"},"primaryImageOfPage":{"@id":"https:\/\/terrasse-mobile.net\/terrasse-mobile-sur-mesure\/options\/revetement-grad-pour-votre-terrasse-mobile\/#primaryimage"},"image":{"@id":"https:\/\/terrasse-mobile.net\/terrasse-mobile-sur-mesure\/options\/revetement-grad-pour-votre-terrasse-mobile\/#primaryimage"},"thumbnailUrl":"https:\/\/terrasse-mobile.net\/wp-content\/uploads\/2024\/02\/REAL-SABOURAULT-PISCINE-2.jpg","datePublished":"2024-11-15T14:09:47+00:00","dateModified":"2025-11-25T15:12:39+00:00","description":"Die mobile Poolterrasse SlideDeck kann mit verschiedenen Optionen ausgestattet werden, darunter der GRAD-Belag (Clip-System).","breadcrumb":{"@id":"https:\/\/terrasse-mobile.net\/terrasse-mobile-sur-mesure\/options\/revetement-grad-pour-votre-terrasse-mobile\/#breadcrumb"},"inLanguage":"de-CH","potentialAction":[{"@type":"ReadAction","target":["https:\/\/terrasse-mobile.net\/terrasse-mobile-sur-mesure\/options\/revetement-grad-pour-votre-terrasse-mobile\/"]}]},{"@type":"ImageObject","inLanguage":"de-CH","@id":"https:\/\/terrasse-mobile.net\/terrasse-mobile-sur-mesure\/options\/revetement-grad-pour-votre-terrasse-mobile\/#primaryimage","url":"https:\/\/terrasse-mobile.net\/wp-content\/uploads\/2024\/02\/REAL-SABOURAULT-PISCINE-2.jpg","contentUrl":"https:\/\/terrasse-mobile.net\/wp-content\/uploads\/2024\/02\/REAL-SABOURAULT-PISCINE-2.jpg","width":2000,"height":1500,"caption":"DCIM100MEDIADJI_0365.JPG"},{"@type":"BreadcrumbList","@id":"https:\/\/terrasse-mobile.net\/terrasse-mobile-sur-mesure\/options\/revetement-grad-pour-votre-terrasse-mobile\/#breadcrumb","itemListElement":[{"@type":"ListItem","position":1,"name":"Accueil","item":"https:\/\/terrasse-mobile.net\/"},{"@type":"ListItem","position":2,"name":"LA TERRASSE MOBILE SUR-MESURE POUR PISCINE","item":"https:\/\/terrasse-mobile.net\/terrasse-mobile-sur-mesure\/"},{"@type":"ListItem","position":3,"name":"LES OPTIONS POUR VOTRE TERRASSE MOBILE POUR PISCINE","item":"https:\/\/terrasse-mobile.net\/terrasse-mobile-sur-mesure\/options\/"},{"@type":"ListItem","position":4,"name":"REV\u00caTEMENT GRAD POUR VOTRE TERRASSE MOBILE"}]},{"@type":"WebSite","@id":"https:\/\/terrasse-mobile.net\/#website","url":"https:\/\/terrasse-mobile.net\/","name":"Slidedeck","description":"Ma\u00dfgeschneiderte Konstruktion von mobilen Terrassen in der \u00cele-de-France","publisher":{"@id":"https:\/\/terrasse-mobile.net\/#organization"},"potentialAction":[{"@type":"SearchAction","target":{"@type":"EntryPoint","urlTemplate":"https:\/\/terrasse-mobile.net\/?s={search_term_string}"},"query-input":{"@type":"PropertyValueSpecification","valueRequired":true,"valueName":"search_term_string"}}],"inLanguage":"de-CH"},{"@type":"Organization","@id":"https:\/\/terrasse-mobile.net\/#organization","name":"Slidedeck","url":"https:\/\/terrasse-mobile.net\/","logo":{"@type":"ImageObject","inLanguage":"de-CH","@id":"https:\/\/terrasse-mobile.net\/#\/schema\/logo\/image\/","url":"https:\/\/terrasse-mobile.net\/wp-content\/uploads\/2024\/01\/logo-slidedeck.jpg","contentUrl":"https:\/\/terrasse-mobile.net\/wp-content\/uploads\/2024\/01\/logo-slidedeck.jpg","width":2000,"height":1103,"caption":"Slidedeck"},"image":{"@id":"https:\/\/terrasse-mobile.net\/#\/schema\/logo\/image\/"}}]}},"_links":{"self":[{"href":"https:\/\/terrasse-mobile.net\/de_ch\/wp-json\/wp\/v2\/pages\/6300","targetHints":{"allow":["GET"]}}],"collection":[{"href":"https:\/\/terrasse-mobile.net\/de_ch\/wp-json\/wp\/v2\/pages"}],"about":[{"href":"https:\/\/terrasse-mobile.net\/de_ch\/wp-json\/wp\/v2\/types\/page"}],"author":[{"embeddable":true,"href":"https:\/\/terrasse-mobile.net\/de_ch\/wp-json\/wp\/v2\/users\/1"}],"replies":[{"embeddable":true,"href":"https:\/\/terrasse-mobile.net\/de_ch\/wp-json\/wp\/v2\/comments?post=6300"}],"version-history":[{"count":30,"href":"https:\/\/terrasse-mobile.net\/de_ch\/wp-json\/wp\/v2\/pages\/6300\/revisions"}],"predecessor-version":[{"id":7301,"href":"https:\/\/terrasse-mobile.net\/de_ch\/wp-json\/wp\/v2\/pages\/6300\/revisions\/7301"}],"up":[{"embeddable":true,"href":"https:\/\/terrasse-mobile.net\/de_ch\/wp-json\/wp\/v2\/pages\/5509"}],"wp:featuredmedia":[{"embeddable":true,"href":"https:\/\/terrasse-mobile.net\/de_ch\/wp-json\/wp\/v2\/media\/3640"}],"wp:attachment":[{"href":"https:\/\/terrasse-mobile.net\/de_ch\/wp-json\/wp\/v2\/media?parent=6300"}],"wp:term":[{"taxonomy":"folder","embeddable":true,"href":"https:\/\/terrasse-mobile.net\/de_ch\/wp-json\/wp\/v2\/folder?post=6300"}],"curies":[{"name":"wp","href":"https:\/\/api.w.org\/{rel}","templated":true}]}}