{"id":1897,"date":"2024-01-25T16:33:50","date_gmt":"2024-01-25T15:33:00","guid":{"rendered":"https:\/\/terrasse-mobile.net\/?page_id=1897"},"modified":"2024-10-01T15:36:12","modified_gmt":"2024-10-01T13:36:12","slug":"verplaatsbaar-terras-twee-delen-breedte-oud","status":"publish","type":"page","link":"https:\/\/terrasse-mobile.net\/nl\/configurations-old\/terrasse-mobile-deux-parties-largeur-old\/","title":{"rendered":"DE MOBIELE TERRAS MET TWEE SYMMETRISCHE DELEN OVER DE BREEDTE old"},"content":{"rendered":"<h1>Het terras bestaat uit twee symmetrische delen in de breedte.<\/h1>\n<h2>Ontdek deze mobiele terrasopstelling voor zwembaden, ideaal om een nieuwe ruimte in uw tuin te cre\u00ebren.<\/h2>\n<p>Deze mobiele terrasconfiguratie is bijzonder praktisch als de ruimte aan weerszijden van je zwembad smal is en je geen terras uit \u00e9\u00e9n stuk kunt installeren, d.w.z. een terras dat volledig aan \u00e9\u00e9n kant van het zwembad schuift. De twee delen van het mobiele terras schuiven aan weerszijden op en onthullen zo je zwembad.<\/p>\n<p>In deze configuratie schuiven de blokken van het mobiele terras in de breedte. De terrasblokken hebben dus dezelfde afmetingen als de lengte van het zwembad.<\/p>\n<p>\t\t\t\t\t\t\t\t\t\t\t\t\t<img decoding=\"async\" width=\"800\" height=\"570\" src=\"https:\/\/terrasse-mobile.net\/wp-content\/uploads\/2024\/01\/CROQUIS-MODELE-SLIDEDECK-00003-copie-1024x729.png\" alt=\"verplaatsbaar terras in twee delen\" srcset=\"https:\/\/terrasse-mobile.net\/wp-content\/uploads\/2024\/01\/CROQUIS-MODELE-SLIDEDECK-00003-copie-1024x729.png 1024w, https:\/\/terrasse-mobile.net\/wp-content\/uploads\/2024\/01\/CROQUIS-MODELE-SLIDEDECK-00003-copie-300x214.png 300w, https:\/\/terrasse-mobile.net\/wp-content\/uploads\/2024\/01\/CROQUIS-MODELE-SLIDEDECK-00003-copie-768x547.png 768w, https:\/\/terrasse-mobile.net\/wp-content\/uploads\/2024\/01\/CROQUIS-MODELE-SLIDEDECK-00003-copie.png 1137w\" sizes=\"(max-width: 800px) 100vw, 800px\" \/><br \/>\n\t\t\t<a href=\"https:\/\/terrasse-mobile.net\/nl\/configuraties\/\"><br \/>\n\t\t\t\t\t\tONTDEK ANDERE SLIDEDECK CONFIGURATIES<br \/>\n\t\t\t\t\t<\/a><\/p>","protected":false},"excerpt":{"rendered":"<p>La terrasse mobile en deux parties sym\u00e9triques dans la largeur D\u00e9couvrez cette configuration de terrasse mobile pour piscine, id\u00e9ale pour cr\u00e9er un nouvel espace dans votre jardin Cette configuration de terrasse mobile est particuli\u00e8rement pratique si l&rsquo;espace de part et d&rsquo;autre de votre piscine est \u00e9troit et ne permettrait pas d&rsquo;installer une terrasse monobloc, c&rsquo;est&#8230;<\/p>","protected":false},"author":1,"featured_media":0,"parent":1429,"menu_order":3,"comment_status":"closed","ping_status":"closed","template":"","meta":{"_kad_post_transparent":"","_kad_post_title":"","_kad_post_layout":"","_kad_post_sidebar_id":"","_kad_post_content_style":"","_kad_post_vertical_padding":"","_kad_post_feature":"","_kad_post_feature_position":"","_kad_post_header":false,"_kad_post_footer":false,"_kad_post_classname":"","footnotes":""},"folder":[],"class_list":["post-1897","page","type-page","status-publish","hentry"],"yoast_head":"<!-- This site is optimized with the Yoast SEO plugin v27.5 - https:\/\/yoast.com\/product\/yoast-seo-wordpress\/ -->\n<title>La terrasse mobile en deux parties dans la largeur<\/title>\n<meta name=\"robots\" content=\"index, follow, max-snippet:-1, max-image-preview:large, max-video-preview:-1\" \/>\n<link rel=\"canonical\" href=\"https:\/\/terrasse-mobile.net\/nl\/oude-configuraties\/verplaatsbaar-terras-twee-delen-breedte-oud\/\" \/>\n<meta property=\"og:locale\" content=\"nl_BE\" \/>\n<meta property=\"og:type\" content=\"article\" \/>\n<meta property=\"og:title\" content=\"La terrasse mobile en deux parties dans la largeur\" \/>\n<meta property=\"og:description\" content=\"La terrasse mobile en deux parties sym\u00e9triques dans la largeur D\u00e9couvrez cette configuration de terrasse mobile pour piscine, id\u00e9ale pour cr\u00e9er un nouvel espace dans votre jardin Cette configuration de terrasse mobile est particuli\u00e8rement pratique si l&rsquo;espace de part et d&rsquo;autre de votre piscine est \u00e9troit et ne permettrait pas d&rsquo;installer une terrasse monobloc, c&rsquo;est...\" \/>\n<meta property=\"og:url\" content=\"https:\/\/terrasse-mobile.net\/nl\/oude-configuraties\/verplaatsbaar-terras-twee-delen-breedte-oud\/\" \/>\n<meta property=\"og:site_name\" content=\"Terrasse mobile\" \/>\n<meta property=\"article:modified_time\" content=\"2024-10-01T13:36:12+00:00\" \/>\n<meta property=\"og:image\" content=\"https:\/\/terrasse-mobile.net\/wp-content\/uploads\/2024\/01\/CROQUIS-MODELE-SLIDEDECK-00003-copie-1024x729.png\" \/>\n<meta name=\"twitter:card\" content=\"summary_large_image\" \/>\n<meta name=\"twitter:label1\" content=\"Geschatte leestijd\" \/>\n\t<meta name=\"twitter:data1\" content=\"1 minuut\" \/>\n<script type=\"application\/ld+json\" class=\"yoast-schema-graph\">{\"@context\":\"https:\\\/\\\/schema.org\",\"@graph\":[{\"@type\":\"WebPage\",\"@id\":\"https:\\\/\\\/terrasse-mobile.net\\\/configurations-old\\\/terrasse-mobile-deux-parties-largeur-old\\\/\",\"url\":\"https:\\\/\\\/terrasse-mobile.net\\\/configurations-old\\\/terrasse-mobile-deux-parties-largeur-old\\\/\",\"name\":\"La terrasse mobile en deux parties dans la largeur\",\"isPartOf\":{\"@id\":\"https:\\\/\\\/terrasse-mobile.net\\\/#website\"},\"primaryImageOfPage\":{\"@id\":\"https:\\\/\\\/terrasse-mobile.net\\\/configurations-old\\\/terrasse-mobile-deux-parties-largeur-old\\\/#primaryimage\"},\"image\":{\"@id\":\"https:\\\/\\\/terrasse-mobile.net\\\/configurations-old\\\/terrasse-mobile-deux-parties-largeur-old\\\/#primaryimage\"},\"thumbnailUrl\":\"https:\\\/\\\/terrasse-mobile.net\\\/wp-content\\\/uploads\\\/2024\\\/01\\\/CROQUIS-MODELE-SLIDEDECK-00003-copie-1024x729.png\",\"datePublished\":\"2024-01-25T15:33:00+00:00\",\"dateModified\":\"2024-10-01T13:36:12+00:00\",\"breadcrumb\":{\"@id\":\"https:\\\/\\\/terrasse-mobile.net\\\/configurations-old\\\/terrasse-mobile-deux-parties-largeur-old\\\/#breadcrumb\"},\"inLanguage\":\"nl-BE\",\"potentialAction\":[{\"@type\":\"ReadAction\",\"target\":[\"https:\\\/\\\/terrasse-mobile.net\\\/configurations-old\\\/terrasse-mobile-deux-parties-largeur-old\\\/\"]}]},{\"@type\":\"ImageObject\",\"inLanguage\":\"nl-BE\",\"@id\":\"https:\\\/\\\/terrasse-mobile.net\\\/configurations-old\\\/terrasse-mobile-deux-parties-largeur-old\\\/#primaryimage\",\"url\":\"https:\\\/\\\/terrasse-mobile.net\\\/wp-content\\\/uploads\\\/2024\\\/01\\\/CROQUIS-MODELE-SLIDEDECK-00003-copie-1024x729.png\",\"contentUrl\":\"https:\\\/\\\/terrasse-mobile.net\\\/wp-content\\\/uploads\\\/2024\\\/01\\\/CROQUIS-MODELE-SLIDEDECK-00003-copie-1024x729.png\"},{\"@type\":\"BreadcrumbList\",\"@id\":\"https:\\\/\\\/terrasse-mobile.net\\\/configurations-old\\\/terrasse-mobile-deux-parties-largeur-old\\\/#breadcrumb\",\"itemListElement\":[{\"@type\":\"ListItem\",\"position\":1,\"name\":\"Accueil\",\"item\":\"https:\\\/\\\/terrasse-mobile.net\\\/\"},{\"@type\":\"ListItem\",\"position\":2,\"name\":\"LES CONFIGURATIONS SLIDEDECK old\",\"item\":\"https:\\\/\\\/terrasse-mobile.net\\\/configurations-old\\\/\"},{\"@type\":\"ListItem\",\"position\":3,\"name\":\"LA TERRASSE MOBILE DEUX PARTIES SYM\u00c9TRIQUES SUR LA LARGEUR old\"}]},{\"@type\":\"WebSite\",\"@id\":\"https:\\\/\\\/terrasse-mobile.net\\\/#website\",\"url\":\"https:\\\/\\\/terrasse-mobile.net\\\/\",\"name\":\"Slidedeck\",\"description\":\"Construction sur mesure de terrasses mobiles en \u00cele-de-France\",\"publisher\":{\"@id\":\"https:\\\/\\\/terrasse-mobile.net\\\/#organization\"},\"potentialAction\":[{\"@type\":\"SearchAction\",\"target\":{\"@type\":\"EntryPoint\",\"urlTemplate\":\"https:\\\/\\\/terrasse-mobile.net\\\/?s={search_term_string}\"},\"query-input\":{\"@type\":\"PropertyValueSpecification\",\"valueRequired\":true,\"valueName\":\"search_term_string\"}}],\"inLanguage\":\"nl-BE\"},{\"@type\":\"Organization\",\"@id\":\"https:\\\/\\\/terrasse-mobile.net\\\/#organization\",\"name\":\"Slidedeck\",\"url\":\"https:\\\/\\\/terrasse-mobile.net\\\/\",\"logo\":{\"@type\":\"ImageObject\",\"inLanguage\":\"nl-BE\",\"@id\":\"https:\\\/\\\/terrasse-mobile.net\\\/#\\\/schema\\\/logo\\\/image\\\/\",\"url\":\"https:\\\/\\\/terrasse-mobile.net\\\/wp-content\\\/uploads\\\/2024\\\/01\\\/logo-slidedeck.jpg\",\"contentUrl\":\"https:\\\/\\\/terrasse-mobile.net\\\/wp-content\\\/uploads\\\/2024\\\/01\\\/logo-slidedeck.jpg\",\"width\":2000,\"height\":1103,\"caption\":\"Slidedeck\"},\"image\":{\"@id\":\"https:\\\/\\\/terrasse-mobile.net\\\/#\\\/schema\\\/logo\\\/image\\\/\"}}]}<\/script>\n<!-- \/ Yoast SEO plugin. -->","yoast_head_json":{"title":"Het mobiele terras in twee delen over de breedte","robots":{"index":"index","follow":"follow","max-snippet":"max-snippet:-1","max-image-preview":"max-image-preview:large","max-video-preview":"max-video-preview:-1"},"canonical":"https:\/\/terrasse-mobile.net\/nl\/oude-configuraties\/verplaatsbaar-terras-twee-delen-breedte-oud\/","og_locale":"nl_BE","og_type":"article","og_title":"La terrasse mobile en deux parties dans la largeur","og_description":"La terrasse mobile en deux parties sym\u00e9triques dans la largeur D\u00e9couvrez cette configuration de terrasse mobile pour piscine, id\u00e9ale pour cr\u00e9er un nouvel espace dans votre jardin Cette configuration de terrasse mobile est particuli\u00e8rement pratique si l&rsquo;espace de part et d&rsquo;autre de votre piscine est \u00e9troit et ne permettrait pas d&rsquo;installer une terrasse monobloc, c&rsquo;est...","og_url":"https:\/\/terrasse-mobile.net\/nl\/oude-configuraties\/verplaatsbaar-terras-twee-delen-breedte-oud\/","og_site_name":"Terrasse mobile","article_modified_time":"2024-10-01T13:36:12+00:00","og_image":[{"url":"https:\/\/terrasse-mobile.net\/wp-content\/uploads\/2024\/01\/CROQUIS-MODELE-SLIDEDECK-00003-copie-1024x729.png","type":"","width":"","height":""}],"twitter_card":"summary_large_image","twitter_misc":{"Geschatte leestijd":"1 minuut"},"schema":{"@context":"https:\/\/schema.org","@graph":[{"@type":"WebPage","@id":"https:\/\/terrasse-mobile.net\/configurations-old\/terrasse-mobile-deux-parties-largeur-old\/","url":"https:\/\/terrasse-mobile.net\/configurations-old\/terrasse-mobile-deux-parties-largeur-old\/","name":"Het mobiele terras in twee delen over de breedte","isPartOf":{"@id":"https:\/\/terrasse-mobile.net\/#website"},"primaryImageOfPage":{"@id":"https:\/\/terrasse-mobile.net\/configurations-old\/terrasse-mobile-deux-parties-largeur-old\/#primaryimage"},"image":{"@id":"https:\/\/terrasse-mobile.net\/configurations-old\/terrasse-mobile-deux-parties-largeur-old\/#primaryimage"},"thumbnailUrl":"https:\/\/terrasse-mobile.net\/wp-content\/uploads\/2024\/01\/CROQUIS-MODELE-SLIDEDECK-00003-copie-1024x729.png","datePublished":"2024-01-25T15:33:00+00:00","dateModified":"2024-10-01T13:36:12+00:00","breadcrumb":{"@id":"https:\/\/terrasse-mobile.net\/configurations-old\/terrasse-mobile-deux-parties-largeur-old\/#breadcrumb"},"inLanguage":"nl-BE","potentialAction":[{"@type":"ReadAction","target":["https:\/\/terrasse-mobile.net\/configurations-old\/terrasse-mobile-deux-parties-largeur-old\/"]}]},{"@type":"ImageObject","inLanguage":"nl-BE","@id":"https:\/\/terrasse-mobile.net\/configurations-old\/terrasse-mobile-deux-parties-largeur-old\/#primaryimage","url":"https:\/\/terrasse-mobile.net\/wp-content\/uploads\/2024\/01\/CROQUIS-MODELE-SLIDEDECK-00003-copie-1024x729.png","contentUrl":"https:\/\/terrasse-mobile.net\/wp-content\/uploads\/2024\/01\/CROQUIS-MODELE-SLIDEDECK-00003-copie-1024x729.png"},{"@type":"BreadcrumbList","@id":"https:\/\/terrasse-mobile.net\/configurations-old\/terrasse-mobile-deux-parties-largeur-old\/#breadcrumb","itemListElement":[{"@type":"ListItem","position":1,"name":"Accueil","item":"https:\/\/terrasse-mobile.net\/"},{"@type":"ListItem","position":2,"name":"LES CONFIGURATIONS SLIDEDECK old","item":"https:\/\/terrasse-mobile.net\/configurations-old\/"},{"@type":"ListItem","position":3,"name":"LA TERRASSE MOBILE DEUX PARTIES SYM\u00c9TRIQUES SUR LA LARGEUR old"}]},{"@type":"WebSite","@id":"https:\/\/terrasse-mobile.net\/#website","url":"https:\/\/terrasse-mobile.net\/","name":"Slidedeck","description":"Op maat gemaakte verplaatsbare terrassen in de regio Parijs","publisher":{"@id":"https:\/\/terrasse-mobile.net\/#organization"},"potentialAction":[{"@type":"SearchAction","target":{"@type":"EntryPoint","urlTemplate":"https:\/\/terrasse-mobile.net\/?s={search_term_string}"},"query-input":{"@type":"PropertyValueSpecification","valueRequired":true,"valueName":"search_term_string"}}],"inLanguage":"nl-BE"},{"@type":"Organization","@id":"https:\/\/terrasse-mobile.net\/#organization","name":"Slidedeck","url":"https:\/\/terrasse-mobile.net\/","logo":{"@type":"ImageObject","inLanguage":"nl-BE","@id":"https:\/\/terrasse-mobile.net\/#\/schema\/logo\/image\/","url":"https:\/\/terrasse-mobile.net\/wp-content\/uploads\/2024\/01\/logo-slidedeck.jpg","contentUrl":"https:\/\/terrasse-mobile.net\/wp-content\/uploads\/2024\/01\/logo-slidedeck.jpg","width":2000,"height":1103,"caption":"Slidedeck"},"image":{"@id":"https:\/\/terrasse-mobile.net\/#\/schema\/logo\/image\/"}}]}},"_links":{"self":[{"href":"https:\/\/terrasse-mobile.net\/nl\/wp-json\/wp\/v2\/pages\/1897","targetHints":{"allow":["GET"]}}],"collection":[{"href":"https:\/\/terrasse-mobile.net\/nl\/wp-json\/wp\/v2\/pages"}],"about":[{"href":"https:\/\/terrasse-mobile.net\/nl\/wp-json\/wp\/v2\/types\/page"}],"author":[{"embeddable":true,"href":"https:\/\/terrasse-mobile.net\/nl\/wp-json\/wp\/v2\/users\/1"}],"replies":[{"embeddable":true,"href":"https:\/\/terrasse-mobile.net\/nl\/wp-json\/wp\/v2\/comments?post=1897"}],"version-history":[{"count":30,"href":"https:\/\/terrasse-mobile.net\/nl\/wp-json\/wp\/v2\/pages\/1897\/revisions"}],"predecessor-version":[{"id":5706,"href":"https:\/\/terrasse-mobile.net\/nl\/wp-json\/wp\/v2\/pages\/1897\/revisions\/5706"}],"up":[{"embeddable":true,"href":"https:\/\/terrasse-mobile.net\/nl\/wp-json\/wp\/v2\/pages\/1429"}],"wp:attachment":[{"href":"https:\/\/terrasse-mobile.net\/nl\/wp-json\/wp\/v2\/media?parent=1897"}],"wp:term":[{"taxonomy":"folder","embeddable":true,"href":"https:\/\/terrasse-mobile.net\/nl\/wp-json\/wp\/v2\/folder?post=1897"}],"curies":[{"name":"wp","href":"https:\/\/api.w.org\/{rel}","templated":true}]}}