{"id":1333,"date":"2024-01-23T17:01:06","date_gmt":"2024-01-23T16:01:14","guid":{"rendered":"https:\/\/terrasse-mobile.net\/?page_id=1333"},"modified":"2024-10-01T12:55:51","modified_gmt":"2024-10-01T10:55:51","slug":"mobiel-terras-in-bouwpakket-ile-de-france-oud","status":"publish","type":"page","link":"https:\/\/terrasse-mobile.net\/nl_nl\/terrasse-mobile-ile-de-france-old\/terrasse-mobile-en-kit-ile-de-france-old\/","title":{"rendered":"HET SLIDEDECK-TEAM oud"},"content":{"rendered":"<p>Het SlideDeck-team\t\t<\/p>\n<h1>De specialisten in mobiele zwembadterrassen<\/h1>\n<p>\t\t\t\t\t\t\t\t\t\t\t\t\t<img decoding=\"async\" width=\"293\" height=\"293\" src=\"https:\/\/terrasse-mobile.net\/wp-content\/uploads\/2024\/01\/olivier-kaufman-1.png\" alt=\"\" srcset=\"https:\/\/terrasse-mobile.net\/wp-content\/uploads\/2024\/01\/olivier-kaufman-1.png 293w, https:\/\/terrasse-mobile.net\/wp-content\/uploads\/2024\/01\/olivier-kaufman-1-150x150.png 150w\" sizes=\"(max-width: 293px) 100vw, 293px\" \/>\t\t\t\t\t\t\t\t\t\t\t\t\t<\/p>\n<p style=\"text-align: center;\">Olivier Kaufman, bedenker van SlideDeck<\/p>\n<h2>SlideDeck, de speciale afdeling voor mobiele terrassen van het bedrijf Piscine Nature<\/h2>\n<p>Piscine Nature bouwt hoogwaardige zwembaden in \u00cele-de-France. Wij bouwen met name zwembaden van gewapend beton die zijn uitgerust met hoogwaardige beveiligingssystemen, zoals beweegbare bodems (van het merk Aqualift, wereldleider) en hoogwaardige onderwaterluiken.<\/p>\n<p>We hebben SlideDeck ontwikkeld, het mobiele terras van hoge kwaliteit, om te voldoen aan de eisen van onze klanten die op zoek zijn naar een op maat gemaakt mobiel terras dat tegelijkertijd betrouwbaar, zeer stevig en esthetisch is.<\/p>\n<p>We benadrukken het aspect van maatwerk, want elk zwembad is anders en we zijn er trots op dat we zowel de afmetingen van het mobiele terras als de bekleding ervan, of zelfs de opties voor motorisering of thermische isolatie kunnen personaliseren.\u00a0<\/p>\n<p>\t\t\t\t\t\t\t\t\t\t\t\t\t<img decoding=\"async\" width=\"800\" height=\"533\" src=\"https:\/\/terrasse-mobile.net\/wp-content\/uploads\/2024\/01\/EQUIPE-TERRASSE-NATURE.jpg\" alt=\"\" srcset=\"https:\/\/terrasse-mobile.net\/wp-content\/uploads\/2024\/01\/EQUIPE-TERRASSE-NATURE.jpg 800w, https:\/\/terrasse-mobile.net\/wp-content\/uploads\/2024\/01\/EQUIPE-TERRASSE-NATURE-300x200.jpg 300w, https:\/\/terrasse-mobile.net\/wp-content\/uploads\/2024\/01\/EQUIPE-TERRASSE-NATURE-768x512.jpg 768w\" sizes=\"(max-width: 800px) 100vw, 800px\" \/><\/p>","protected":false},"excerpt":{"rendered":"<p>L&rsquo;\u00e9quipe SlideDeck Les sp\u00e9cialistes de la terrasse mobile pour piscine Olivier Kaufman, cr\u00e9ateur de SlideDeck SlideDeck, la division sp\u00e9ciale terrasse mobile de la soci\u00e9t\u00e9 Piscine Nature Piscine Nature r\u00e9alise des piscines de qualit\u00e9 en \u00cele-de-France. Nous r\u00e9alisons en particulier des piscines en b\u00e9ton arm\u00e9 \u00e9quip\u00e9es de syst\u00e8mes de protection haut de gamme tels que les&#8230;<\/p>","protected":false},"author":1,"featured_media":0,"parent":365,"menu_order":0,"comment_status":"closed","ping_status":"closed","template":"","meta":{"_kad_post_transparent":"","_kad_post_title":"","_kad_post_layout":"","_kad_post_sidebar_id":"","_kad_post_content_style":"","_kad_post_vertical_padding":"","_kad_post_feature":"","_kad_post_feature_position":"","_kad_post_header":false,"_kad_post_footer":false,"_kad_post_classname":"","footnotes":""},"folder":[],"class_list":["post-1333","page","type-page","status-publish","hentry"],"yoast_head":"<!-- This site is optimized with the Yoast SEO plugin v27.5 - https:\/\/yoast.com\/product\/yoast-seo-wordpress\/ -->\n<title>Terrasse mobile en kit en \u00cele-de-France<\/title>\n<meta name=\"robots\" content=\"index, follow, max-snippet:-1, max-image-preview:large, max-video-preview:-1\" \/>\n<link rel=\"canonical\" href=\"https:\/\/terrasse-mobile.net\/nl_nl\/terras-mobiel-ile-de-france-oud\/mobiel-terras-in-bouwpakket-ile-de-france-oud\/\" \/>\n<meta property=\"og:locale\" content=\"nl_NL\" \/>\n<meta property=\"og:type\" content=\"article\" \/>\n<meta property=\"og:title\" content=\"Terrasse mobile en kit en \u00cele-de-France\" \/>\n<meta property=\"og:description\" content=\"L&rsquo;\u00e9quipe SlideDeck Les sp\u00e9cialistes de la terrasse mobile pour piscine Olivier Kaufman, cr\u00e9ateur de SlideDeck SlideDeck, la division sp\u00e9ciale terrasse mobile de la soci\u00e9t\u00e9 Piscine Nature Piscine Nature r\u00e9alise des piscines de qualit\u00e9 en \u00cele-de-France. Nous r\u00e9alisons en particulier des piscines en b\u00e9ton arm\u00e9 \u00e9quip\u00e9es de syst\u00e8mes de protection haut de gamme tels que les...\" \/>\n<meta property=\"og:url\" content=\"https:\/\/terrasse-mobile.net\/nl_nl\/terras-mobiel-ile-de-france-oud\/mobiel-terras-in-bouwpakket-ile-de-france-oud\/\" \/>\n<meta property=\"og:site_name\" content=\"Terrasse mobile\" \/>\n<meta property=\"article:modified_time\" content=\"2024-10-01T10:55:51+00:00\" \/>\n<meta property=\"og:image\" content=\"https:\/\/terrasse-mobile.net\/wp-content\/uploads\/2024\/01\/olivier-kaufman-1.png\" \/>\n<meta name=\"twitter:card\" content=\"summary_large_image\" \/>\n<meta name=\"twitter:label1\" content=\"Geschatte leestijd\" \/>\n\t<meta name=\"twitter:data1\" content=\"2 minuten\" \/>\n<script type=\"application\/ld+json\" class=\"yoast-schema-graph\">{\"@context\":\"https:\\\/\\\/schema.org\",\"@graph\":[{\"@type\":\"WebPage\",\"@id\":\"https:\\\/\\\/terrasse-mobile.net\\\/terrasse-mobile-ile-de-france-old\\\/terrasse-mobile-en-kit-ile-de-france-old\\\/\",\"url\":\"https:\\\/\\\/terrasse-mobile.net\\\/terrasse-mobile-ile-de-france-old\\\/terrasse-mobile-en-kit-ile-de-france-old\\\/\",\"name\":\"Terrasse mobile en kit en \u00cele-de-France\",\"isPartOf\":{\"@id\":\"https:\\\/\\\/terrasse-mobile.net\\\/#website\"},\"primaryImageOfPage\":{\"@id\":\"https:\\\/\\\/terrasse-mobile.net\\\/terrasse-mobile-ile-de-france-old\\\/terrasse-mobile-en-kit-ile-de-france-old\\\/#primaryimage\"},\"image\":{\"@id\":\"https:\\\/\\\/terrasse-mobile.net\\\/terrasse-mobile-ile-de-france-old\\\/terrasse-mobile-en-kit-ile-de-france-old\\\/#primaryimage\"},\"thumbnailUrl\":\"https:\\\/\\\/terrasse-mobile.net\\\/wp-content\\\/uploads\\\/2024\\\/01\\\/olivier-kaufman-1.png\",\"datePublished\":\"2024-01-23T16:01:14+00:00\",\"dateModified\":\"2024-10-01T10:55:51+00:00\",\"breadcrumb\":{\"@id\":\"https:\\\/\\\/terrasse-mobile.net\\\/terrasse-mobile-ile-de-france-old\\\/terrasse-mobile-en-kit-ile-de-france-old\\\/#breadcrumb\"},\"inLanguage\":\"nl-NL\",\"potentialAction\":[{\"@type\":\"ReadAction\",\"target\":[\"https:\\\/\\\/terrasse-mobile.net\\\/terrasse-mobile-ile-de-france-old\\\/terrasse-mobile-en-kit-ile-de-france-old\\\/\"]}]},{\"@type\":\"ImageObject\",\"inLanguage\":\"nl-NL\",\"@id\":\"https:\\\/\\\/terrasse-mobile.net\\\/terrasse-mobile-ile-de-france-old\\\/terrasse-mobile-en-kit-ile-de-france-old\\\/#primaryimage\",\"url\":\"https:\\\/\\\/terrasse-mobile.net\\\/wp-content\\\/uploads\\\/2024\\\/01\\\/olivier-kaufman-1.png\",\"contentUrl\":\"https:\\\/\\\/terrasse-mobile.net\\\/wp-content\\\/uploads\\\/2024\\\/01\\\/olivier-kaufman-1.png\"},{\"@type\":\"BreadcrumbList\",\"@id\":\"https:\\\/\\\/terrasse-mobile.net\\\/terrasse-mobile-ile-de-france-old\\\/terrasse-mobile-en-kit-ile-de-france-old\\\/#breadcrumb\",\"itemListElement\":[{\"@type\":\"ListItem\",\"position\":1,\"name\":\"Accueil\",\"item\":\"https:\\\/\\\/terrasse-mobile.net\\\/\"},{\"@type\":\"ListItem\",\"position\":2,\"name\":\"D\u00c9COUVREZ SLIDEDECK old\",\"item\":\"https:\\\/\\\/terrasse-mobile.net\\\/terrasse-mobile-ile-de-france-old\\\/\"},{\"@type\":\"ListItem\",\"position\":3,\"name\":\"L&rsquo;\u00c9QUIPE SLIDEDECK old\"}]},{\"@type\":\"WebSite\",\"@id\":\"https:\\\/\\\/terrasse-mobile.net\\\/#website\",\"url\":\"https:\\\/\\\/terrasse-mobile.net\\\/\",\"name\":\"Slidedeck\",\"description\":\"Construction sur mesure de terrasses mobiles en \u00cele-de-France\",\"publisher\":{\"@id\":\"https:\\\/\\\/terrasse-mobile.net\\\/#organization\"},\"potentialAction\":[{\"@type\":\"SearchAction\",\"target\":{\"@type\":\"EntryPoint\",\"urlTemplate\":\"https:\\\/\\\/terrasse-mobile.net\\\/?s={search_term_string}\"},\"query-input\":{\"@type\":\"PropertyValueSpecification\",\"valueRequired\":true,\"valueName\":\"search_term_string\"}}],\"inLanguage\":\"nl-NL\"},{\"@type\":\"Organization\",\"@id\":\"https:\\\/\\\/terrasse-mobile.net\\\/#organization\",\"name\":\"Slidedeck\",\"url\":\"https:\\\/\\\/terrasse-mobile.net\\\/\",\"logo\":{\"@type\":\"ImageObject\",\"inLanguage\":\"nl-NL\",\"@id\":\"https:\\\/\\\/terrasse-mobile.net\\\/#\\\/schema\\\/logo\\\/image\\\/\",\"url\":\"https:\\\/\\\/terrasse-mobile.net\\\/wp-content\\\/uploads\\\/2024\\\/01\\\/logo-slidedeck.jpg\",\"contentUrl\":\"https:\\\/\\\/terrasse-mobile.net\\\/wp-content\\\/uploads\\\/2024\\\/01\\\/logo-slidedeck.jpg\",\"width\":2000,\"height\":1103,\"caption\":\"Slidedeck\"},\"image\":{\"@id\":\"https:\\\/\\\/terrasse-mobile.net\\\/#\\\/schema\\\/logo\\\/image\\\/\"}}]}<\/script>\n<!-- \/ Yoast SEO plugin. -->","yoast_head_json":{"title":"Mobiele terrasbouwpakketten in \u00cele-de-France","robots":{"index":"index","follow":"follow","max-snippet":"max-snippet:-1","max-image-preview":"max-image-preview:large","max-video-preview":"max-video-preview:-1"},"canonical":"https:\/\/terrasse-mobile.net\/nl_nl\/terras-mobiel-ile-de-france-oud\/mobiel-terras-in-bouwpakket-ile-de-france-oud\/","og_locale":"nl_NL","og_type":"article","og_title":"Terrasse mobile en kit en \u00cele-de-France","og_description":"L&rsquo;\u00e9quipe SlideDeck Les sp\u00e9cialistes de la terrasse mobile pour piscine Olivier Kaufman, cr\u00e9ateur de SlideDeck SlideDeck, la division sp\u00e9ciale terrasse mobile de la soci\u00e9t\u00e9 Piscine Nature Piscine Nature r\u00e9alise des piscines de qualit\u00e9 en \u00cele-de-France. Nous r\u00e9alisons en particulier des piscines en b\u00e9ton arm\u00e9 \u00e9quip\u00e9es de syst\u00e8mes de protection haut de gamme tels que les...","og_url":"https:\/\/terrasse-mobile.net\/nl_nl\/terras-mobiel-ile-de-france-oud\/mobiel-terras-in-bouwpakket-ile-de-france-oud\/","og_site_name":"Terrasse mobile","article_modified_time":"2024-10-01T10:55:51+00:00","og_image":[{"url":"https:\/\/terrasse-mobile.net\/wp-content\/uploads\/2024\/01\/olivier-kaufman-1.png","type":"","width":"","height":""}],"twitter_card":"summary_large_image","twitter_misc":{"Geschatte leestijd":"2 minuten"},"schema":{"@context":"https:\/\/schema.org","@graph":[{"@type":"WebPage","@id":"https:\/\/terrasse-mobile.net\/terrasse-mobile-ile-de-france-old\/terrasse-mobile-en-kit-ile-de-france-old\/","url":"https:\/\/terrasse-mobile.net\/terrasse-mobile-ile-de-france-old\/terrasse-mobile-en-kit-ile-de-france-old\/","name":"Mobiele terrasbouwpakketten in \u00cele-de-France","isPartOf":{"@id":"https:\/\/terrasse-mobile.net\/#website"},"primaryImageOfPage":{"@id":"https:\/\/terrasse-mobile.net\/terrasse-mobile-ile-de-france-old\/terrasse-mobile-en-kit-ile-de-france-old\/#primaryimage"},"image":{"@id":"https:\/\/terrasse-mobile.net\/terrasse-mobile-ile-de-france-old\/terrasse-mobile-en-kit-ile-de-france-old\/#primaryimage"},"thumbnailUrl":"https:\/\/terrasse-mobile.net\/wp-content\/uploads\/2024\/01\/olivier-kaufman-1.png","datePublished":"2024-01-23T16:01:14+00:00","dateModified":"2024-10-01T10:55:51+00:00","breadcrumb":{"@id":"https:\/\/terrasse-mobile.net\/terrasse-mobile-ile-de-france-old\/terrasse-mobile-en-kit-ile-de-france-old\/#breadcrumb"},"inLanguage":"nl-NL","potentialAction":[{"@type":"ReadAction","target":["https:\/\/terrasse-mobile.net\/terrasse-mobile-ile-de-france-old\/terrasse-mobile-en-kit-ile-de-france-old\/"]}]},{"@type":"ImageObject","inLanguage":"nl-NL","@id":"https:\/\/terrasse-mobile.net\/terrasse-mobile-ile-de-france-old\/terrasse-mobile-en-kit-ile-de-france-old\/#primaryimage","url":"https:\/\/terrasse-mobile.net\/wp-content\/uploads\/2024\/01\/olivier-kaufman-1.png","contentUrl":"https:\/\/terrasse-mobile.net\/wp-content\/uploads\/2024\/01\/olivier-kaufman-1.png"},{"@type":"BreadcrumbList","@id":"https:\/\/terrasse-mobile.net\/terrasse-mobile-ile-de-france-old\/terrasse-mobile-en-kit-ile-de-france-old\/#breadcrumb","itemListElement":[{"@type":"ListItem","position":1,"name":"Accueil","item":"https:\/\/terrasse-mobile.net\/"},{"@type":"ListItem","position":2,"name":"D\u00c9COUVREZ SLIDEDECK old","item":"https:\/\/terrasse-mobile.net\/terrasse-mobile-ile-de-france-old\/"},{"@type":"ListItem","position":3,"name":"L&rsquo;\u00c9QUIPE SLIDEDECK old"}]},{"@type":"WebSite","@id":"https:\/\/terrasse-mobile.net\/#website","url":"https:\/\/terrasse-mobile.net\/","name":"Slidedeck","description":"Op maat gemaakte verplaatsbare terrassen in de regio Parijs","publisher":{"@id":"https:\/\/terrasse-mobile.net\/#organization"},"potentialAction":[{"@type":"SearchAction","target":{"@type":"EntryPoint","urlTemplate":"https:\/\/terrasse-mobile.net\/?s={search_term_string}"},"query-input":{"@type":"PropertyValueSpecification","valueRequired":true,"valueName":"search_term_string"}}],"inLanguage":"nl-NL"},{"@type":"Organization","@id":"https:\/\/terrasse-mobile.net\/#organization","name":"Slidedeck","url":"https:\/\/terrasse-mobile.net\/","logo":{"@type":"ImageObject","inLanguage":"nl-NL","@id":"https:\/\/terrasse-mobile.net\/#\/schema\/logo\/image\/","url":"https:\/\/terrasse-mobile.net\/wp-content\/uploads\/2024\/01\/logo-slidedeck.jpg","contentUrl":"https:\/\/terrasse-mobile.net\/wp-content\/uploads\/2024\/01\/logo-slidedeck.jpg","width":2000,"height":1103,"caption":"Slidedeck"},"image":{"@id":"https:\/\/terrasse-mobile.net\/#\/schema\/logo\/image\/"}}]}},"_links":{"self":[{"href":"https:\/\/terrasse-mobile.net\/nl_nl\/wp-json\/wp\/v2\/pages\/1333","targetHints":{"allow":["GET"]}}],"collection":[{"href":"https:\/\/terrasse-mobile.net\/nl_nl\/wp-json\/wp\/v2\/pages"}],"about":[{"href":"https:\/\/terrasse-mobile.net\/nl_nl\/wp-json\/wp\/v2\/types\/page"}],"author":[{"embeddable":true,"href":"https:\/\/terrasse-mobile.net\/nl_nl\/wp-json\/wp\/v2\/users\/1"}],"replies":[{"embeddable":true,"href":"https:\/\/terrasse-mobile.net\/nl_nl\/wp-json\/wp\/v2\/comments?post=1333"}],"version-history":[{"count":44,"href":"https:\/\/terrasse-mobile.net\/nl_nl\/wp-json\/wp\/v2\/pages\/1333\/revisions"}],"predecessor-version":[{"id":5638,"href":"https:\/\/terrasse-mobile.net\/nl_nl\/wp-json\/wp\/v2\/pages\/1333\/revisions\/5638"}],"up":[{"embeddable":true,"href":"https:\/\/terrasse-mobile.net\/nl_nl\/wp-json\/wp\/v2\/pages\/365"}],"wp:attachment":[{"href":"https:\/\/terrasse-mobile.net\/nl_nl\/wp-json\/wp\/v2\/media?parent=1333"}],"wp:term":[{"taxonomy":"folder","embeddable":true,"href":"https:\/\/terrasse-mobile.net\/nl_nl\/wp-json\/wp\/v2\/folder?post=1333"}],"curies":[{"name":"wp","href":"https:\/\/api.w.org\/{rel}","templated":true}]}}