{"id":6300,"date":"2024-11-15T15:09:31","date_gmt":"2024-11-15T14:09:47","guid":{"rendered":"https:\/\/terrasse-mobile.net\/?page_id=6300"},"modified":"2025-11-25T16:12:39","modified_gmt":"2025-11-25T15:12:39","slug":"pavimento-gradiente-para-o-seu-terraco-movel","status":"publish","type":"page","link":"https:\/\/terrasse-mobile.net\/pt\/terrasse-mobile-sur-mesure\/options\/revetement-grad-pour-votre-terrasse-mobile\/","title":{"rendered":"REVESTIMENTO GRADIENTE PARA O SEU TERRA\u00c7O M\u00d3VEL"},"content":{"rendered":"<p class=\"has-text-align-center\"><a href=\"https:\/\/terrasse-mobile.net\/pt\/esplanada-movel-por-medida\/opcoes\/\"><br>DESCUBRA OUTRAS OP\u00c7\u00d5ES PARA O SEU TERRA\u00c7O M\u00d3VEL<\/a><\/p>\n\n\n\n<div class=\"wp-block-group\"><div class=\"wp-block-group__inner-container is-layout-constrained wp-block-group-is-layout-constrained\">\n<div class=\"wp-block-columns is-layout-flex wp-container-core-columns-is-layout-9d6595d7 wp-block-columns-is-layout-flex\">\n<div class=\"wp-block-column is-layout-flow wp-block-column-is-layout-flow\">\n<h2 class=\"wp-block-heading\">Um sistema de decks inovador<\/h2>\n\n\n\n<ul class=\"wp-block-list\">\n<li>Descubra um sistema adaptado a todas as configura\u00e7\u00f5es que garante um alinhamento perfeito das l\u00e2minas.<\/li>\n\n\n\n<li>Este sistema facilita as condi\u00e7\u00f5es de trabalho do instalador e reduz o tempo de instala\u00e7\u00e3o em at\u00e9 50%.<\/li>\n\n\n\n<li>O sistema Grad pode ser desmontado e tem uma garantia de 20 anos.<\/li>\n\n\n\n<li> Fabricado a partir de materiais reciclados e\/ou recicl\u00e1veis.<\/li>\n<\/ul>\n<\/div>\n\n\n\n<div class=\"wp-block-column is-layout-flow wp-block-column-is-layout-flow\">\n<figure class=\"wp-block-image size-full\"><img decoding=\"async\" width=\"599\" height=\"397\" src=\"https:\/\/terrasse-mobile.net\/wp-content\/uploads\/2024\/10\/REA-TERR-MOB-FINEL-06.jpg\" alt=\"Terra\u00e7o m\u00f3vel aberto integrado no terra\u00e7o\" class=\"wp-image-6103\" srcset=\"https:\/\/terrasse-mobile.net\/wp-content\/uploads\/2024\/10\/REA-TERR-MOB-FINEL-06.jpg 599w, https:\/\/terrasse-mobile.net\/wp-content\/uploads\/2024\/10\/REA-TERR-MOB-FINEL-06-300x199.jpg 300w\" sizes=\"(max-width: 599px) 100vw, 599px\" \/><\/figure>\n<\/div>\n<\/div>\n<\/div><\/div>\n\n\n\n<div class=\"wp-block-group\"><div class=\"wp-block-group__inner-container is-layout-constrained wp-block-group-is-layout-constrained\">\n<div class=\"wp-block-columns is-layout-flex wp-container-core-columns-is-layout-9d6595d7 wp-block-columns-is-layout-flex\">\n<div class=\"wp-block-column is-layout-flow wp-block-column-is-layout-flow\">\n<figure class=\"wp-block-image size-full\"><img decoding=\"async\" width=\"600\" height=\"397\" src=\"https:\/\/terrasse-mobile.net\/wp-content\/uploads\/2024\/11\/LAMES-CLIPS-GRAL.jpeg\" alt=\"Ilustra\u00e7\u00e3o do sistema Grad\" class=\"wp-image-6379\" srcset=\"https:\/\/terrasse-mobile.net\/wp-content\/uploads\/2024\/11\/LAMES-CLIPS-GRAL.jpeg 600w, https:\/\/terrasse-mobile.net\/wp-content\/uploads\/2024\/11\/LAMES-CLIPS-GRAL-300x199.jpeg 300w, https:\/\/terrasse-mobile.net\/wp-content\/uploads\/2024\/11\/LAMES-CLIPS-GRAL-50x33.jpeg 50w\" sizes=\"(max-width: 600px) 100vw, 600px\" \/><\/figure>\n<\/div>\n\n\n\n<div class=\"wp-block-column is-layout-flow wp-block-column-is-layout-flow\">\n<h2 class=\"wp-block-heading\">Um sistema de decks inovador<\/h2>\n\n\n\n<p>O sistema Grad \u00e9 um processo franc\u00eas de constru\u00e7\u00e3o de decks de madeira, baseado num clipe especial em forma de arp\u00e3o e em t\u00e1buas de deck especialmente maquinadas que se encaixam facilmente no clipe. O clip \u00e9 fornecido numa calha de alum\u00ednio resistente. Para os kits de terra\u00e7os m\u00f3veis, instalamos a calha Grad com os seus clipes na estrutura do terra\u00e7o m\u00f3vel na oficina. Isto torna a fixa\u00e7\u00e3o das t\u00e1buas de terra\u00e7o extremamente simples, porque tudo o que tem de fazer \u00e9 cortar a t\u00e1bua com o comprimento certo e encaix\u00e1-la simplesmente na calha.<\/p>\n<\/div>\n<\/div>\n<\/div><\/div>\n\n\n\n<h2 class=\"wp-block-heading has-text-align-center\">A gama de t\u00e1buas de deck com fixadores de grampo instant\u00e2neo<\/h2>\n\n\n\n<div class=\"wp-block-group\"><div class=\"wp-block-group__inner-container is-layout-constrained wp-block-group-is-layout-constrained\">\n<div class=\"wp-block-columns is-layout-flex wp-container-core-columns-is-layout-9d6595d7 wp-block-columns-is-layout-flex\">\n<div class=\"wp-block-column is-layout-flow wp-block-column-is-layout-flow\">\n<figure class=\"wp-block-image size-full\"><img decoding=\"async\" width=\"561\" height=\"471\" src=\"https:\/\/terrasse-mobile.net\/wp-content\/uploads\/2024\/11\/ACCOYA-GRIS.png\" alt=\"\" class=\"wp-image-6321\" srcset=\"https:\/\/terrasse-mobile.net\/wp-content\/uploads\/2024\/11\/ACCOYA-GRIS.png 561w, https:\/\/terrasse-mobile.net\/wp-content\/uploads\/2024\/11\/ACCOYA-GRIS-300x252.png 300w, https:\/\/terrasse-mobile.net\/wp-content\/uploads\/2024\/11\/ACCOYA-GRIS-50x42.png 50w\" sizes=\"(max-width: 561px) 100vw, 561px\" \/><\/figure>\n\n\n\n<p class=\"has-text-align-center\">Sistema GRAD, <mark style=\"background-color:rgba(0, 0, 0, 0)\" class=\"has-inline-color has-theme-palette-2-color\"><strong>Accoya Cinzento<\/strong><\/mark><br>As r\u00e9guas de deck Accoya Grey s\u00e3o extremamente est\u00e1veis e duradouras. <br>e uma atraente cor cinzenta.<\/p>\n<\/div>\n\n\n\n<div class=\"wp-block-column is-layout-flow wp-block-column-is-layout-flow\">\n<figure class=\"wp-block-image size-full\"><img decoding=\"async\" width=\"600\" height=\"500\" src=\"https:\/\/terrasse-mobile.net\/wp-content\/uploads\/2024\/11\/Accoya.png\" alt=\"\" class=\"wp-image-6323\" srcset=\"https:\/\/terrasse-mobile.net\/wp-content\/uploads\/2024\/11\/Accoya.png 600w, https:\/\/terrasse-mobile.net\/wp-content\/uploads\/2024\/11\/Accoya-300x250.png 300w, https:\/\/terrasse-mobile.net\/wp-content\/uploads\/2024\/11\/Accoya-50x42.png 50w\" sizes=\"(max-width: 600px) 100vw, 600px\" \/><\/figure>\n\n\n\n<p class=\"has-text-align-center\">Sistema GRAD, <mark style=\"background-color:rgba(0, 0, 0, 0)\" class=\"has-inline-color has-theme-palette-2-color\"><strong>Accoya<\/strong><\/mark><br>As t\u00e1buas de deck Accoya s\u00e3o extremamente est\u00e1veis e duradouras. <br>e uma cor branca atractiva.<\/p>\n<\/div>\n<\/div>\n<\/div><\/div>\n\n\n\n<div style=\"height:48px\" aria-hidden=\"true\" class=\"wp-block-spacer\"><\/div>\n\n\n\n<div class=\"wp-block-group\"><div class=\"wp-block-group__inner-container is-layout-constrained wp-block-group-is-layout-constrained\">\n<div class=\"wp-block-columns is-layout-flex wp-container-core-columns-is-layout-9d6595d7 wp-block-columns-is-layout-flex\">\n<div class=\"wp-block-column is-layout-flow wp-block-column-is-layout-flow\">\n<figure class=\"wp-block-image size-full\"><img decoding=\"async\" width=\"600\" height=\"500\" src=\"https:\/\/terrasse-mobile.net\/wp-content\/uploads\/2024\/11\/DEX-HAZEL.png\" alt=\"\" class=\"wp-image-6317\" srcset=\"https:\/\/terrasse-mobile.net\/wp-content\/uploads\/2024\/11\/DEX-HAZEL.png 600w, https:\/\/terrasse-mobile.net\/wp-content\/uploads\/2024\/11\/DEX-HAZEL-300x250.png 300w, https:\/\/terrasse-mobile.net\/wp-content\/uploads\/2024\/11\/DEX-HAZEL-50x42.png 50w\" sizes=\"(max-width: 600px) 100vw, 600px\" \/><\/figure>\n\n\n\n<p class=\"has-text-align-center\">Sistema GRAD, <strong><mark style=\"background-color:rgba(0, 0, 0, 0)\" class=\"has-inline-color has-theme-palette-2-color\">DEX Avel\u00e3<\/mark><\/strong><br>A placa de deck DEX Hazel \u00e9 uma placa cer\u00e2mica resistente com propriedades \u00fanicas.<\/p>\n<\/div>\n\n\n\n<div class=\"wp-block-column is-layout-flow wp-block-column-is-layout-flow\">\n<figure class=\"wp-block-image size-full\"><img decoding=\"async\" width=\"600\" height=\"500\" src=\"https:\/\/terrasse-mobile.net\/wp-content\/uploads\/2024\/11\/DEX-WAL.png\" alt=\"\" class=\"wp-image-6316\" srcset=\"https:\/\/terrasse-mobile.net\/wp-content\/uploads\/2024\/11\/DEX-WAL.png 600w, https:\/\/terrasse-mobile.net\/wp-content\/uploads\/2024\/11\/DEX-WAL-300x250.png 300w, https:\/\/terrasse-mobile.net\/wp-content\/uploads\/2024\/11\/DEX-WAL-50x42.png 50w\" sizes=\"(max-width: 600px) 100vw, 600px\" \/><\/figure>\n\n\n\n<p class=\"has-text-align-center\">Sistema GRAD, <strong><mark style=\"background-color:rgba(0, 0, 0, 0)\" class=\"has-inline-color has-theme-palette-2-color\">DEX Wal<\/mark><\/strong><br>A placa de deck DEX Wal \u00e9 uma placa cer\u00e2mica resistente com propriedades \u00fanicas.<\/p>\n<\/div>\n<\/div>\n\n\n\n<div style=\"height:57px\" aria-hidden=\"true\" class=\"wp-block-spacer\"><\/div>\n\n\n\n<div class=\"wp-block-columns is-layout-flex wp-container-core-columns-is-layout-9d6595d7 wp-block-columns-is-layout-flex\">\n<div class=\"wp-block-column is-layout-flow wp-block-column-is-layout-flow\">\n<figure class=\"wp-block-image size-full\"><img decoding=\"async\" width=\"600\" height=\"500\" src=\"https:\/\/terrasse-mobile.net\/wp-content\/uploads\/2024\/11\/DURANCE.png\" alt=\"\" class=\"wp-image-6325\" srcset=\"https:\/\/terrasse-mobile.net\/wp-content\/uploads\/2024\/11\/DURANCE.png 600w, https:\/\/terrasse-mobile.net\/wp-content\/uploads\/2024\/11\/DURANCE-300x250.png 300w, https:\/\/terrasse-mobile.net\/wp-content\/uploads\/2024\/11\/DURANCE-50x42.png 50w\" sizes=\"(max-width: 600px) 100vw, 600px\" \/><\/figure>\n\n\n\n<p class=\"has-text-align-center\">Sistema GRAD, <strong><mark style=\"background-color:rgba(0, 0, 0, 0)\" class=\"has-inline-color has-theme-palette-2-color\">Durance<\/mark><\/strong><br>Esta l\u00e2mina \u00e9 feita de tiras de bambu. <br>Tem uma bela cor de caramelo e tem <br>veios vis\u00edveis<\/p>\n<\/div>\n\n\n\n<div class=\"wp-block-column is-layout-flow wp-block-column-is-layout-flow\">\n<figure class=\"wp-block-image size-full\"><img decoding=\"async\" width=\"600\" height=\"500\" src=\"https:\/\/terrasse-mobile.net\/wp-content\/uploads\/2024\/11\/KEBONY.png\" alt=\"\" class=\"wp-image-6322\" srcset=\"https:\/\/terrasse-mobile.net\/wp-content\/uploads\/2024\/11\/KEBONY.png 600w, https:\/\/terrasse-mobile.net\/wp-content\/uploads\/2024\/11\/KEBONY-300x250.png 300w, https:\/\/terrasse-mobile.net\/wp-content\/uploads\/2024\/11\/KEBONY-50x42.png 50w\" sizes=\"(max-width: 600px) 100vw, 600px\" \/><\/figure>\n\n\n\n<p class=\"has-text-align-center\">Sistema GRAD, <strong><mark style=\"background-color:rgba(0, 0, 0, 0)\" class=\"has-inline-color has-theme-palette-2-color\">Kebony<\/mark><\/strong><br>A madeira de Kebonhy \u00e9 produzida a partir de pinho radiata que foi tratado com um aditivo l\u00edquido derivado de componentes vegetais.<\/p>\n<\/div>\n<\/div>\n\n\n\n<div style=\"height:63px\" aria-hidden=\"true\" class=\"wp-block-spacer\"><\/div>\n\n\n\n<div class=\"wp-block-columns is-layout-flex wp-container-core-columns-is-layout-9d6595d7 wp-block-columns-is-layout-flex\">\n<div class=\"wp-block-column is-layout-flow wp-block-column-is-layout-flow\">\n<figure class=\"wp-block-image size-full\"><img decoding=\"async\" width=\"600\" height=\"500\" src=\"https:\/\/terrasse-mobile.net\/wp-content\/uploads\/2024\/11\/MOSO-XTREME.png\" alt=\"\" class=\"wp-image-6319\" srcset=\"https:\/\/terrasse-mobile.net\/wp-content\/uploads\/2024\/11\/MOSO-XTREME.png 600w, https:\/\/terrasse-mobile.net\/wp-content\/uploads\/2024\/11\/MOSO-XTREME-300x250.png 300w, https:\/\/terrasse-mobile.net\/wp-content\/uploads\/2024\/11\/MOSO-XTREME-50x42.png 50w\" sizes=\"(max-width: 600px) 100vw, 600px\" \/><\/figure>\n\n\n\n<p class=\"has-text-align-center\">Sistema GRAD, <strong><mark style=\"background-color:rgba(0, 0, 0, 0)\" class=\"has-inline-color has-theme-palette-2-color\">Moso Xtreme<\/mark><\/strong><br>Esta l\u00e2mina \u00e9 feita de tiras de bambu. <br>\u00c9 uma bela cor de chocolate e apresenta <br>veios vis\u00edveis<\/p>\n<\/div>\n\n\n\n<div class=\"wp-block-column is-layout-flow wp-block-column-is-layout-flow\">\n<figure class=\"wp-block-image size-full\"><img decoding=\"async\" width=\"600\" height=\"500\" src=\"https:\/\/terrasse-mobile.net\/wp-content\/uploads\/2024\/11\/NAKKO-BRUN.png\" alt=\"\" class=\"wp-image-6326\" srcset=\"https:\/\/terrasse-mobile.net\/wp-content\/uploads\/2024\/11\/NAKKO-BRUN.png 600w, https:\/\/terrasse-mobile.net\/wp-content\/uploads\/2024\/11\/NAKKO-BRUN-300x250.png 300w, https:\/\/terrasse-mobile.net\/wp-content\/uploads\/2024\/11\/NAKKO-BRUN-50x42.png 50w\" sizes=\"(max-width: 600px) 100vw, 600px\" \/><\/figure>\n\n\n\n<p class=\"has-text-align-center\">Sistema GRAD, <strong><mark style=\"background-color:rgba(0, 0, 0, 0)\" class=\"has-inline-color has-theme-palette-2-color\">Nekko Brown<\/mark><\/strong><br>Esta t\u00e1bua de deck castanha \u00e9 feita de comp\u00f3sito de madeira, o que lhe confere uma excelente estabilidade e textura.<\/p>\n<\/div>\n<\/div>\n\n\n\n<div style=\"height:65px\" aria-hidden=\"true\" class=\"wp-block-spacer\"><\/div>\n\n\n\n<div class=\"wp-block-columns is-layout-flex wp-container-core-columns-is-layout-9d6595d7 wp-block-columns-is-layout-flex\">\n<div class=\"wp-block-column is-layout-flow wp-block-column-is-layout-flow\">\n<figure class=\"wp-block-image size-full\"><img decoding=\"async\" width=\"600\" height=\"500\" src=\"https:\/\/terrasse-mobile.net\/wp-content\/uploads\/2024\/11\/NEKKO-GRIS.png\" alt=\"\" class=\"wp-image-6324\" srcset=\"https:\/\/terrasse-mobile.net\/wp-content\/uploads\/2024\/11\/NEKKO-GRIS.png 600w, https:\/\/terrasse-mobile.net\/wp-content\/uploads\/2024\/11\/NEKKO-GRIS-300x250.png 300w, https:\/\/terrasse-mobile.net\/wp-content\/uploads\/2024\/11\/NEKKO-GRIS-50x42.png 50w\" sizes=\"(max-width: 600px) 100vw, 600px\" \/><\/figure>\n\n\n\n<p class=\"has-text-align-center\">Sistema GRAD, <strong><mark style=\"background-color:rgba(0, 0, 0, 0)\" class=\"has-inline-color has-theme-palette-2-color\">Nekko Cinzento<\/mark><\/strong><br>Esta placa de deck cinzenta \u00e9 feita de comp\u00f3sito de madeira, o que lhe confere uma excelente estabilidade e textura.<\/p>\n<\/div>\n\n\n\n<div class=\"wp-block-column is-layout-flow wp-block-column-is-layout-flow\">\n<figure class=\"wp-block-image size-full\"><img decoding=\"async\" width=\"600\" height=\"500\" src=\"https:\/\/terrasse-mobile.net\/wp-content\/uploads\/2024\/11\/THERMOFRENE.png\" alt=\"\" class=\"wp-image-6318\" srcset=\"https:\/\/terrasse-mobile.net\/wp-content\/uploads\/2024\/11\/THERMOFRENE.png 600w, https:\/\/terrasse-mobile.net\/wp-content\/uploads\/2024\/11\/THERMOFRENE-300x250.png 300w, https:\/\/terrasse-mobile.net\/wp-content\/uploads\/2024\/11\/THERMOFRENE-50x42.png 50w\" sizes=\"(max-width: 600px) 100vw, 600px\" \/><\/figure>\n\n\n\n<p class=\"has-text-align-center\">Sistema GRAD, <strong><mark style=\"background-color:rgba(0, 0, 0, 0)\" class=\"has-inline-color has-theme-palette-2-color\">Termofrene<\/mark><\/strong><br>Esta t\u00e1bua de deck \u00e9 especial porque \u00e9 \u00e0 prova de apodrecimento. Esta t\u00e1bua \u00e9 muito est\u00e1vel e duradoura. Com o tempo e os raios UV, esta t\u00e1bua desenvolver\u00e1 uma bela p\u00e1tina prateada.<\/p>\n<\/div>\n<\/div>\n\n\n\n<div class=\"wp-block-columns is-layout-flex wp-container-core-columns-is-layout-9d6595d7 wp-block-columns-is-layout-flex\">\n<div class=\"wp-block-column is-layout-flow wp-block-column-is-layout-flow\">\n<figure class=\"wp-block-image size-full\"><img decoding=\"async\" width=\"600\" height=\"500\" src=\"https:\/\/terrasse-mobile.net\/wp-content\/uploads\/2024\/11\/THERMOPIN.png\" alt=\"\" class=\"wp-image-6320\" srcset=\"https:\/\/terrasse-mobile.net\/wp-content\/uploads\/2024\/11\/THERMOPIN.png 600w, https:\/\/terrasse-mobile.net\/wp-content\/uploads\/2024\/11\/THERMOPIN-300x250.png 300w, https:\/\/terrasse-mobile.net\/wp-content\/uploads\/2024\/11\/THERMOPIN-50x42.png 50w\" sizes=\"(max-width: 600px) 100vw, 600px\" \/><\/figure>\n\n\n\n<p class=\"has-text-align-center\">Sistema GRAD, <strong><mark style=\"background-color:rgba(0, 0, 0, 0)\" class=\"has-inline-color has-theme-palette-2-color\">Termopina<\/mark><\/strong><br>Esta t\u00e1bua de deck \u00e9 especial porque \u00e9 \u00e0 prova de apodrecimento. Esta t\u00e1bua \u00e9 muito est\u00e1vel e duradoura. Com o tempo e os raios UV, esta t\u00e1bua desenvolver\u00e1 uma bela p\u00e1tina prateada.<\/p>\n<\/div>\n\n\n\n<div class=\"wp-block-column is-layout-flow wp-block-column-is-layout-flow\">\n<p class=\"has-text-align-center\"><\/p>\n<\/div>\n<\/div>\n<\/div><\/div>","protected":false},"excerpt":{"rendered":"<p>D\u00c9COUVREZ LES AUTRES OPTIONS POUR VOTRE TERRASSE MOBILE Un syst\u00e8me de lames de terrasse innovant Un syst\u00e8me de lames de terrasse innovant Le syst\u00e8me Grad est un proc\u00e9d\u00e9 fran\u00e7ais de construction de terrasses en bois, bas\u00e9 sur un clip sp\u00e9cial en forme de harpon, et de lames de terrasses sp\u00e9cialement usin\u00e9es pour venir s&rsquo;enclipser tr\u00e8s&#8230;<\/p>","protected":false},"author":1,"featured_media":3640,"parent":5509,"menu_order":40,"comment_status":"closed","ping_status":"closed","template":"","meta":{"_kad_post_transparent":"","_kad_post_title":"","_kad_post_layout":"","_kad_post_sidebar_id":"","_kad_post_content_style":"","_kad_post_vertical_padding":"","_kad_post_feature":"","_kad_post_feature_position":"","_kad_post_header":false,"_kad_post_footer":false,"_kad_post_classname":"","footnotes":""},"folder":[],"class_list":["post-6300","page","type-page","status-publish","has-post-thumbnail","hentry"],"yoast_head":"<!-- This site is optimized with the Yoast SEO plugin v27.5 - https:\/\/yoast.com\/product\/yoast-seo-wordpress\/ -->\n<title>Rev\u00eatement GRAD pour terrasse mobile<\/title>\n<meta name=\"description\" content=\"La terrasse mobile pour piscine SlideDeck peut \u00eatre \u00e9quip\u00e9e de plusieurs options dont le rev\u00eatement GRAD (syst\u00e8me de clips).\" \/>\n<meta name=\"robots\" content=\"index, follow, max-snippet:-1, max-image-preview:large, max-video-preview:-1\" \/>\n<link rel=\"canonical\" href=\"https:\/\/terrasse-mobile.net\/pt\/esplanada-movel-por-medida\/opcoes\/pavimento-gradiente-para-o-seu-terraco-movel\/\" \/>\n<meta property=\"og:locale\" content=\"pt_PT\" \/>\n<meta property=\"og:type\" content=\"article\" \/>\n<meta property=\"og:title\" content=\"Rev\u00eatement GRAD pour terrasse mobile\" \/>\n<meta property=\"og:description\" content=\"La terrasse mobile pour piscine SlideDeck peut \u00eatre \u00e9quip\u00e9e de plusieurs options dont le rev\u00eatement GRAD (syst\u00e8me de clips).\" \/>\n<meta property=\"og:url\" content=\"https:\/\/terrasse-mobile.net\/pt\/esplanada-movel-por-medida\/opcoes\/pavimento-gradiente-para-o-seu-terraco-movel\/\" \/>\n<meta property=\"og:site_name\" content=\"Terrasse mobile\" \/>\n<meta property=\"article:modified_time\" content=\"2025-11-25T15:12:39+00:00\" \/>\n<meta property=\"og:image\" content=\"https:\/\/terrasse-mobile.net\/wp-content\/uploads\/2024\/02\/REAL-SABOURAULT-PISCINE-2.jpg\" \/>\n\t<meta property=\"og:image:width\" content=\"2000\" \/>\n\t<meta property=\"og:image:height\" content=\"1500\" \/>\n\t<meta property=\"og:image:type\" content=\"image\/jpeg\" \/>\n<meta name=\"twitter:card\" content=\"summary_large_image\" \/>\n<meta name=\"twitter:label1\" content=\"Tempo estimado de leitura\" \/>\n\t<meta name=\"twitter:data1\" content=\"6 minutos\" \/>\n<script type=\"application\/ld+json\" class=\"yoast-schema-graph\">{\"@context\":\"https:\\\/\\\/schema.org\",\"@graph\":[{\"@type\":\"WebPage\",\"@id\":\"https:\\\/\\\/terrasse-mobile.net\\\/terrasse-mobile-sur-mesure\\\/options\\\/revetement-grad-pour-votre-terrasse-mobile\\\/\",\"url\":\"https:\\\/\\\/terrasse-mobile.net\\\/terrasse-mobile-sur-mesure\\\/options\\\/revetement-grad-pour-votre-terrasse-mobile\\\/\",\"name\":\"Rev\u00eatement GRAD pour terrasse mobile\",\"isPartOf\":{\"@id\":\"https:\\\/\\\/terrasse-mobile.net\\\/#website\"},\"primaryImageOfPage\":{\"@id\":\"https:\\\/\\\/terrasse-mobile.net\\\/terrasse-mobile-sur-mesure\\\/options\\\/revetement-grad-pour-votre-terrasse-mobile\\\/#primaryimage\"},\"image\":{\"@id\":\"https:\\\/\\\/terrasse-mobile.net\\\/terrasse-mobile-sur-mesure\\\/options\\\/revetement-grad-pour-votre-terrasse-mobile\\\/#primaryimage\"},\"thumbnailUrl\":\"https:\\\/\\\/terrasse-mobile.net\\\/wp-content\\\/uploads\\\/2024\\\/02\\\/REAL-SABOURAULT-PISCINE-2.jpg\",\"datePublished\":\"2024-11-15T14:09:47+00:00\",\"dateModified\":\"2025-11-25T15:12:39+00:00\",\"description\":\"La terrasse mobile pour piscine SlideDeck peut \u00eatre \u00e9quip\u00e9e de plusieurs options dont le rev\u00eatement GRAD (syst\u00e8me de clips).\",\"breadcrumb\":{\"@id\":\"https:\\\/\\\/terrasse-mobile.net\\\/terrasse-mobile-sur-mesure\\\/options\\\/revetement-grad-pour-votre-terrasse-mobile\\\/#breadcrumb\"},\"inLanguage\":\"pt-PT\",\"potentialAction\":[{\"@type\":\"ReadAction\",\"target\":[\"https:\\\/\\\/terrasse-mobile.net\\\/terrasse-mobile-sur-mesure\\\/options\\\/revetement-grad-pour-votre-terrasse-mobile\\\/\"]}]},{\"@type\":\"ImageObject\",\"inLanguage\":\"pt-PT\",\"@id\":\"https:\\\/\\\/terrasse-mobile.net\\\/terrasse-mobile-sur-mesure\\\/options\\\/revetement-grad-pour-votre-terrasse-mobile\\\/#primaryimage\",\"url\":\"https:\\\/\\\/terrasse-mobile.net\\\/wp-content\\\/uploads\\\/2024\\\/02\\\/REAL-SABOURAULT-PISCINE-2.jpg\",\"contentUrl\":\"https:\\\/\\\/terrasse-mobile.net\\\/wp-content\\\/uploads\\\/2024\\\/02\\\/REAL-SABOURAULT-PISCINE-2.jpg\",\"width\":2000,\"height\":1500,\"caption\":\"DCIM100MEDIADJI_0365.JPG\"},{\"@type\":\"BreadcrumbList\",\"@id\":\"https:\\\/\\\/terrasse-mobile.net\\\/terrasse-mobile-sur-mesure\\\/options\\\/revetement-grad-pour-votre-terrasse-mobile\\\/#breadcrumb\",\"itemListElement\":[{\"@type\":\"ListItem\",\"position\":1,\"name\":\"Accueil\",\"item\":\"https:\\\/\\\/terrasse-mobile.net\\\/\"},{\"@type\":\"ListItem\",\"position\":2,\"name\":\"LA TERRASSE MOBILE SUR-MESURE POUR PISCINE\",\"item\":\"https:\\\/\\\/terrasse-mobile.net\\\/terrasse-mobile-sur-mesure\\\/\"},{\"@type\":\"ListItem\",\"position\":3,\"name\":\"LES OPTIONS POUR VOTRE TERRASSE MOBILE POUR PISCINE\",\"item\":\"https:\\\/\\\/terrasse-mobile.net\\\/terrasse-mobile-sur-mesure\\\/options\\\/\"},{\"@type\":\"ListItem\",\"position\":4,\"name\":\"REV\u00caTEMENT GRAD POUR VOTRE TERRASSE MOBILE\"}]},{\"@type\":\"WebSite\",\"@id\":\"https:\\\/\\\/terrasse-mobile.net\\\/#website\",\"url\":\"https:\\\/\\\/terrasse-mobile.net\\\/\",\"name\":\"Slidedeck\",\"description\":\"Construction sur mesure de terrasses mobiles en \u00cele-de-France\",\"publisher\":{\"@id\":\"https:\\\/\\\/terrasse-mobile.net\\\/#organization\"},\"potentialAction\":[{\"@type\":\"SearchAction\",\"target\":{\"@type\":\"EntryPoint\",\"urlTemplate\":\"https:\\\/\\\/terrasse-mobile.net\\\/?s={search_term_string}\"},\"query-input\":{\"@type\":\"PropertyValueSpecification\",\"valueRequired\":true,\"valueName\":\"search_term_string\"}}],\"inLanguage\":\"pt-PT\"},{\"@type\":\"Organization\",\"@id\":\"https:\\\/\\\/terrasse-mobile.net\\\/#organization\",\"name\":\"Slidedeck\",\"url\":\"https:\\\/\\\/terrasse-mobile.net\\\/\",\"logo\":{\"@type\":\"ImageObject\",\"inLanguage\":\"pt-PT\",\"@id\":\"https:\\\/\\\/terrasse-mobile.net\\\/#\\\/schema\\\/logo\\\/image\\\/\",\"url\":\"https:\\\/\\\/terrasse-mobile.net\\\/wp-content\\\/uploads\\\/2024\\\/01\\\/logo-slidedeck.jpg\",\"contentUrl\":\"https:\\\/\\\/terrasse-mobile.net\\\/wp-content\\\/uploads\\\/2024\\\/01\\\/logo-slidedeck.jpg\",\"width\":2000,\"height\":1103,\"caption\":\"Slidedeck\"},\"image\":{\"@id\":\"https:\\\/\\\/terrasse-mobile.net\\\/#\\\/schema\\\/logo\\\/image\\\/\"}}]}<\/script>\n<!-- \/ Yoast SEO plugin. -->","yoast_head_json":{"title":"Revestimento GRAD para decks m\u00f3veis","description":"O deck de piscina m\u00f3vel SlideDeck pode ser equipado com v\u00e1rias op\u00e7\u00f5es, incluindo o liner GRAD (sistema de clipes).","robots":{"index":"index","follow":"follow","max-snippet":"max-snippet:-1","max-image-preview":"max-image-preview:large","max-video-preview":"max-video-preview:-1"},"canonical":"https:\/\/terrasse-mobile.net\/pt\/esplanada-movel-por-medida\/opcoes\/pavimento-gradiente-para-o-seu-terraco-movel\/","og_locale":"pt_PT","og_type":"article","og_title":"Rev\u00eatement GRAD pour terrasse mobile","og_description":"La terrasse mobile pour piscine SlideDeck peut \u00eatre \u00e9quip\u00e9e de plusieurs options dont le rev\u00eatement GRAD (syst\u00e8me de clips).","og_url":"https:\/\/terrasse-mobile.net\/pt\/esplanada-movel-por-medida\/opcoes\/pavimento-gradiente-para-o-seu-terraco-movel\/","og_site_name":"Terrasse mobile","article_modified_time":"2025-11-25T15:12:39+00:00","og_image":[{"width":2000,"height":1500,"url":"https:\/\/terrasse-mobile.net\/wp-content\/uploads\/2024\/02\/REAL-SABOURAULT-PISCINE-2.jpg","type":"image\/jpeg"}],"twitter_card":"summary_large_image","twitter_misc":{"Tempo estimado de leitura":"6 minutos"},"schema":{"@context":"https:\/\/schema.org","@graph":[{"@type":"WebPage","@id":"https:\/\/terrasse-mobile.net\/terrasse-mobile-sur-mesure\/options\/revetement-grad-pour-votre-terrasse-mobile\/","url":"https:\/\/terrasse-mobile.net\/terrasse-mobile-sur-mesure\/options\/revetement-grad-pour-votre-terrasse-mobile\/","name":"Revestimento GRAD para decks m\u00f3veis","isPartOf":{"@id":"https:\/\/terrasse-mobile.net\/#website"},"primaryImageOfPage":{"@id":"https:\/\/terrasse-mobile.net\/terrasse-mobile-sur-mesure\/options\/revetement-grad-pour-votre-terrasse-mobile\/#primaryimage"},"image":{"@id":"https:\/\/terrasse-mobile.net\/terrasse-mobile-sur-mesure\/options\/revetement-grad-pour-votre-terrasse-mobile\/#primaryimage"},"thumbnailUrl":"https:\/\/terrasse-mobile.net\/wp-content\/uploads\/2024\/02\/REAL-SABOURAULT-PISCINE-2.jpg","datePublished":"2024-11-15T14:09:47+00:00","dateModified":"2025-11-25T15:12:39+00:00","description":"O deck de piscina m\u00f3vel SlideDeck pode ser equipado com v\u00e1rias op\u00e7\u00f5es, incluindo o liner GRAD (sistema de clipes).","breadcrumb":{"@id":"https:\/\/terrasse-mobile.net\/terrasse-mobile-sur-mesure\/options\/revetement-grad-pour-votre-terrasse-mobile\/#breadcrumb"},"inLanguage":"pt-PT","potentialAction":[{"@type":"ReadAction","target":["https:\/\/terrasse-mobile.net\/terrasse-mobile-sur-mesure\/options\/revetement-grad-pour-votre-terrasse-mobile\/"]}]},{"@type":"ImageObject","inLanguage":"pt-PT","@id":"https:\/\/terrasse-mobile.net\/terrasse-mobile-sur-mesure\/options\/revetement-grad-pour-votre-terrasse-mobile\/#primaryimage","url":"https:\/\/terrasse-mobile.net\/wp-content\/uploads\/2024\/02\/REAL-SABOURAULT-PISCINE-2.jpg","contentUrl":"https:\/\/terrasse-mobile.net\/wp-content\/uploads\/2024\/02\/REAL-SABOURAULT-PISCINE-2.jpg","width":2000,"height":1500,"caption":"DCIM100MEDIADJI_0365.JPG"},{"@type":"BreadcrumbList","@id":"https:\/\/terrasse-mobile.net\/terrasse-mobile-sur-mesure\/options\/revetement-grad-pour-votre-terrasse-mobile\/#breadcrumb","itemListElement":[{"@type":"ListItem","position":1,"name":"Accueil","item":"https:\/\/terrasse-mobile.net\/"},{"@type":"ListItem","position":2,"name":"LA TERRASSE MOBILE SUR-MESURE POUR PISCINE","item":"https:\/\/terrasse-mobile.net\/terrasse-mobile-sur-mesure\/"},{"@type":"ListItem","position":3,"name":"LES OPTIONS POUR VOTRE TERRASSE MOBILE POUR PISCINE","item":"https:\/\/terrasse-mobile.net\/terrasse-mobile-sur-mesure\/options\/"},{"@type":"ListItem","position":4,"name":"REV\u00caTEMENT GRAD POUR VOTRE TERRASSE MOBILE"}]},{"@type":"WebSite","@id":"https:\/\/terrasse-mobile.net\/#website","url":"https:\/\/terrasse-mobile.net\/","name":"Slidedeck","description":"Terra\u00e7os m\u00f3veis constru\u00eddos \u00e0 medida na regi\u00e3o parisiense","publisher":{"@id":"https:\/\/terrasse-mobile.net\/#organization"},"potentialAction":[{"@type":"SearchAction","target":{"@type":"EntryPoint","urlTemplate":"https:\/\/terrasse-mobile.net\/?s={search_term_string}"},"query-input":{"@type":"PropertyValueSpecification","valueRequired":true,"valueName":"search_term_string"}}],"inLanguage":"pt-PT"},{"@type":"Organization","@id":"https:\/\/terrasse-mobile.net\/#organization","name":"Slidedeck","url":"https:\/\/terrasse-mobile.net\/","logo":{"@type":"ImageObject","inLanguage":"pt-PT","@id":"https:\/\/terrasse-mobile.net\/#\/schema\/logo\/image\/","url":"https:\/\/terrasse-mobile.net\/wp-content\/uploads\/2024\/01\/logo-slidedeck.jpg","contentUrl":"https:\/\/terrasse-mobile.net\/wp-content\/uploads\/2024\/01\/logo-slidedeck.jpg","width":2000,"height":1103,"caption":"Slidedeck"},"image":{"@id":"https:\/\/terrasse-mobile.net\/#\/schema\/logo\/image\/"}}]}},"_links":{"self":[{"href":"https:\/\/terrasse-mobile.net\/pt\/wp-json\/wp\/v2\/pages\/6300","targetHints":{"allow":["GET"]}}],"collection":[{"href":"https:\/\/terrasse-mobile.net\/pt\/wp-json\/wp\/v2\/pages"}],"about":[{"href":"https:\/\/terrasse-mobile.net\/pt\/wp-json\/wp\/v2\/types\/page"}],"author":[{"embeddable":true,"href":"https:\/\/terrasse-mobile.net\/pt\/wp-json\/wp\/v2\/users\/1"}],"replies":[{"embeddable":true,"href":"https:\/\/terrasse-mobile.net\/pt\/wp-json\/wp\/v2\/comments?post=6300"}],"version-history":[{"count":30,"href":"https:\/\/terrasse-mobile.net\/pt\/wp-json\/wp\/v2\/pages\/6300\/revisions"}],"predecessor-version":[{"id":7301,"href":"https:\/\/terrasse-mobile.net\/pt\/wp-json\/wp\/v2\/pages\/6300\/revisions\/7301"}],"up":[{"embeddable":true,"href":"https:\/\/terrasse-mobile.net\/pt\/wp-json\/wp\/v2\/pages\/5509"}],"wp:featuredmedia":[{"embeddable":true,"href":"https:\/\/terrasse-mobile.net\/pt\/wp-json\/wp\/v2\/media\/3640"}],"wp:attachment":[{"href":"https:\/\/terrasse-mobile.net\/pt\/wp-json\/wp\/v2\/media?parent=6300"}],"wp:term":[{"taxonomy":"folder","embeddable":true,"href":"https:\/\/terrasse-mobile.net\/pt\/wp-json\/wp\/v2\/folder?post=6300"}],"curies":[{"name":"wp","href":"https:\/\/api.w.org\/{rel}","templated":true}]}}